{"id":1210,"date":"2025-09-27T11:32:27","date_gmt":"2025-09-27T09:32:27","guid":{"rendered":"http:\/\/staegerag.ch\/bang-olufsen\/?page_id=1210"},"modified":"2025-09-27T12:51:11","modified_gmt":"2025-09-27T10:51:11","slug":"die-geschichte-von-bang-olufsen","status":"publish","type":"page","link":"https:\/\/staegerag.ch\/bang-olufsen\/die-geschichte-von-bang-olufsen\/","title":{"rendered":"Die Geschichte von Bang &amp; Olufsen"},"content":{"rendered":"\t\t<div data-elementor-type=\"wp-page\" data-elementor-id=\"1210\" class=\"elementor elementor-1210\" data-elementor-post-type=\"page\">\n\t\t\t\t<div class=\"elementor-element elementor-element-e026da9 e-flex e-con-boxed e-con e-parent\" data-id=\"e026da9\" data-element_type=\"container\" data-e-type=\"container\">\n\t\t\t\t\t<div class=\"e-con-inner\">\n\t\t\t\t<div class=\"elementor-element elementor-element-49b21fc elementor-widget elementor-widget-heading\" data-id=\"49b21fc\" data-element_type=\"widget\" data-e-type=\"widget\" data-widget_type=\"heading.default\">\n\t\t\t\t\t<h6 class=\"elementor-heading-title elementor-size-default\">DIE GESCHICHTE VON BANG &amp; OLUFSEN<\/h6>\t\t\t\t<\/div>\n\t\t\t\t<div class=\"elementor-element elementor-element-a89b80f elementor-widget elementor-widget-heading\" data-id=\"a89b80f\" data-element_type=\"widget\" data-e-type=\"widget\" data-widget_type=\"heading.default\">\n\t\t\t\t\t<h1 class=\"elementor-heading-title elementor-size-default\">Legend\u00e4re Qualit\u00e4t seit 1925<\/h1>\t\t\t\t<\/div>\n\t\t\t\t<div class=\"elementor-element elementor-element-2b601ed elementor-widget__width-initial elementor-widget elementor-widget-text-editor\" data-id=\"2b601ed\" data-element_type=\"widget\" data-e-type=\"widget\" data-widget_type=\"text-editor.default\">\n\t\t\t\t\t\t\t\t\t<p>Seit 1925 stellt Bang\u00a0&amp; Olufsen Audio- und Home-Entertainment-Produkte mit Kultstatus her, die h\u00f6chsten Anspr\u00fcchen an Handwerk und Design gen\u00fcgen.<\/p>\t\t\t\t\t\t\t\t<\/div>\n\t\t\t\t\t<\/div>\n\t\t\t\t<\/div>\n\t\t<div class=\"elementor-element elementor-element-2c5e36f e-flex e-con-boxed e-con e-parent\" data-id=\"2c5e36f\" data-element_type=\"container\" data-e-type=\"container\">\n\t\t\t\t\t<div class=\"e-con-inner\">\n\t\t\t\t<div class=\"elementor-element elementor-element-ce7b722 elementor-widget elementor-widget-image\" data-id=\"ce7b722\" data-element_type=\"widget\" data-e-type=\"widget\" data-widget_type=\"image.default\">\n\t\t\t\t\t\t\t\t\t\t\t\t\t\t\t<img fetchpriority=\"high\" decoding=\"async\" width=\"1920\" height=\"1080\" src=\"https:\/\/staegerag.ch\/bang-olufsen\/wp-content\/uploads\/sites\/2\/2025\/09\/Landscape-parallax-crop__1_.webp\" class=\"attachment-full size-full wp-image-1212\" alt=\"\" srcset=\"https:\/\/staegerag.ch\/bang-olufsen\/wp-content\/uploads\/sites\/2\/2025\/09\/Landscape-parallax-crop__1_.webp 1920w, https:\/\/staegerag.ch\/bang-olufsen\/wp-content\/uploads\/sites\/2\/2025\/09\/Landscape-parallax-crop__1_-300x169.webp 300w, https:\/\/staegerag.ch\/bang-olufsen\/wp-content\/uploads\/sites\/2\/2025\/09\/Landscape-parallax-crop__1_-1024x576.webp 1024w, https:\/\/staegerag.ch\/bang-olufsen\/wp-content\/uploads\/sites\/2\/2025\/09\/Landscape-parallax-crop__1_-768x432.webp 768w, https:\/\/staegerag.ch\/bang-olufsen\/wp-content\/uploads\/sites\/2\/2025\/09\/Landscape-parallax-crop__1_-1536x864.webp 1536w, https:\/\/staegerag.ch\/bang-olufsen\/wp-content\/uploads\/sites\/2\/2025\/09\/Landscape-parallax-crop__1_-600x338.webp 600w\" sizes=\"(max-width: 1920px) 100vw, 1920px\" \/>\t\t\t\t\t\t\t\t\t\t\t\t\t\t\t<\/div>\n\t\t\t\t\t<\/div>\n\t\t\t\t<\/div>\n\t\t<div class=\"elementor-element elementor-element-504769a e-flex e-con-boxed e-con e-parent\" data-id=\"504769a\" data-element_type=\"container\" data-e-type=\"container\">\n\t\t\t\t\t<div class=\"e-con-inner\">\n\t\t<div class=\"elementor-element elementor-element-a68cec4 e-con-full e-flex e-con e-child\" data-id=\"a68cec4\" data-element_type=\"container\" data-e-type=\"container\">\n\t\t\t\t<div class=\"elementor-element elementor-element-6caec61 elementor-widget elementor-widget-image\" data-id=\"6caec61\" data-element_type=\"widget\" data-e-type=\"widget\" data-widget_type=\"image.default\">\n\t\t\t\t\t\t\t\t\t\t\t\t\t\t\t<img decoding=\"async\" width=\"1920\" height=\"1920\" src=\"https:\/\/staegerag.ch\/bang-olufsen\/wp-content\/uploads\/sites\/2\/2025\/09\/Bang-Olufsen-APW-2513.webp\" class=\"attachment-full size-full wp-image-1213\" alt=\"\" srcset=\"https:\/\/staegerag.ch\/bang-olufsen\/wp-content\/uploads\/sites\/2\/2025\/09\/Bang-Olufsen-APW-2513.webp 1920w, https:\/\/staegerag.ch\/bang-olufsen\/wp-content\/uploads\/sites\/2\/2025\/09\/Bang-Olufsen-APW-2513-300x300.webp 300w, https:\/\/staegerag.ch\/bang-olufsen\/wp-content\/uploads\/sites\/2\/2025\/09\/Bang-Olufsen-APW-2513-1024x1024.webp 1024w, https:\/\/staegerag.ch\/bang-olufsen\/wp-content\/uploads\/sites\/2\/2025\/09\/Bang-Olufsen-APW-2513-150x150.webp 150w, https:\/\/staegerag.ch\/bang-olufsen\/wp-content\/uploads\/sites\/2\/2025\/09\/Bang-Olufsen-APW-2513-768x768.webp 768w, https:\/\/staegerag.ch\/bang-olufsen\/wp-content\/uploads\/sites\/2\/2025\/09\/Bang-Olufsen-APW-2513-1536x1536.webp 1536w, https:\/\/staegerag.ch\/bang-olufsen\/wp-content\/uploads\/sites\/2\/2025\/09\/Bang-Olufsen-APW-2513-600x600.webp 600w, https:\/\/staegerag.ch\/bang-olufsen\/wp-content\/uploads\/sites\/2\/2025\/09\/Bang-Olufsen-APW-2513-100x100.webp 100w\" sizes=\"(max-width: 1920px) 100vw, 1920px\" \/>\t\t\t\t\t\t\t\t\t\t\t\t\t\t\t<\/div>\n\t\t\t\t<\/div>\n\t\t<div class=\"elementor-element elementor-element-541d729 e-con-full e-flex e-con e-child\" data-id=\"541d729\" data-element_type=\"container\" data-e-type=\"container\">\n\t\t\t\t<div class=\"elementor-element elementor-element-14a4508 elementor-widget elementor-widget-heading\" data-id=\"14a4508\" data-element_type=\"widget\" data-e-type=\"widget\" data-widget_type=\"heading.default\">\n\t\t\t\t\t<h3 class=\"elementor-heading-title elementor-size-default\">Peter Bang und Svend Olufsen<\/h3>\t\t\t\t<\/div>\n\t\t\t\t<div class=\"elementor-element elementor-element-0c3c84b elementor-widget elementor-widget-spacer\" data-id=\"0c3c84b\" data-element_type=\"widget\" data-e-type=\"widget\" data-widget_type=\"spacer.default\">\n\t\t\t\t\t\t\t<div class=\"elementor-spacer\">\n\t\t\t<div class=\"elementor-spacer-inner\"><\/div>\n\t\t<\/div>\n\t\t\t\t\t\t<\/div>\n\t\t\t\t<div class=\"elementor-element elementor-element-c1cc09b elementor-widget elementor-widget-text-editor\" data-id=\"c1cc09b\" data-element_type=\"widget\" data-e-type=\"widget\" data-widget_type=\"text-editor.default\">\n\t\t\t\t\t\t\t\t\t<div class=\"sc-182o2pm-0 cFbzdb component_index_1 m-textAndImage -fiftyFifty -withBackground\" data-sln-id=\"atm_TextAndImageVariants_container\"><div class=\"sc-182o2pm-0 lMFkE a-container container-fluid -padded\"><div class=\"m-textAndImage__wrapper\"><div class=\"row\"><div class=\"col-xs-12 col-sm-6\"><div class=\"row textAndImageTextWrapper\"><div class=\"col-xs-12 col-sm-offset-2 col-sm-8 m-textAndImage__copy\"><div><div class=\"textAndImage-text\"><div class=\"sc-182o2pm-0 jAVMrb b1 a-markdownContent focus-styling  no-title\" data-sln-id=\"automation_markdownContent_container\"><p class=\"sc-182o2pm-0 jAVMrb b1\" data-sln-id=\"atm_TextAndImageVariants_description\">1925 erfanden Peter Bang und Svend Olufsen in einem d\u00e4nischen Bauernhaus das Radio neu. Sie entwickelten den Eliminator, das erste Radio aus Massenproduktion, das per Strom aus der Steckdose betrieben werden konnte und keine Batterien brauchte. Ein Jahrhundert sp\u00e4ter zeigt sich dieser Unternehmer- und Innovationsgeist noch immer in allem, was wir tun. Er ist unser Ansporn, die Art zu ver\u00e4ndern, wie wir die Welt h\u00f6ren, sehen und sp\u00fcren.<\/p><\/div><\/div><\/div><\/div><\/div><\/div><\/div><\/div><\/div><\/div><div class=\"sc-182o2pm-0 byBya-D component_index_2 m-textAndImage -background -lightTheme\"><div class=\"sc-182o2pm-0 lMFkE a-container container-fluid -padded\"><div class=\"m-textAndImage__wrapper\"><div class=\"parallax-outer sc-182o2pm-0 jDVoKd m-textAndImage__background a-parallaxImage \"><div class=\"parallax-inner\"><div role=\"presentation\"><div class=\"sc-182o2pm-0 chUjjz -large -loaded a-responsiveImage\"><div class=\"sc-182o2pm-0 kCwnwR a-observer -inView\"><picture><source srcset=\"\/\/images.ctfassets.net\/8cd2csgvqd3m\/72pCcisLKjWDF95hMj14yX\/441a02cff8d89f868293a7636738fd7f\/1Capri58-150.png?q=90&amp;fm=webp&amp;w=828&amp;h=465&amp;fit=fill\" media=\"(max-width: 768px)\" \/><source srcset=\"\/\/images.ctfassets.net\/8cd2csgvqd3m\/72pCcisLKjWDF95hMj14yX\/441a02cff8d89f868293a7636738fd7f\/1Capri58-150.png?q=90&amp;fm=webp&amp;w=1656&amp;h=931&amp;fit=fill\" media=\"(min-width: 768px)\" \/><\/picture><\/div><\/div><\/div><\/div><\/div><\/div><\/div><\/div>\t\t\t\t\t\t\t\t<\/div>\n\t\t\t\t<\/div>\n\t\t\t\t\t<\/div>\n\t\t\t\t<\/div>\n\t\t<div class=\"elementor-element elementor-element-6233b65 e-flex e-con-boxed e-con e-parent\" data-id=\"6233b65\" data-element_type=\"container\" data-e-type=\"container\">\n\t\t\t\t\t<div class=\"e-con-inner\">\n\t\t<div class=\"elementor-element elementor-element-3b24f2b e-con-full e-flex e-con e-child\" data-id=\"3b24f2b\" data-element_type=\"container\" data-e-type=\"container\">\n\t\t\t\t<div class=\"elementor-element elementor-element-871925e elementor-widget elementor-widget-heading\" data-id=\"871925e\" data-element_type=\"widget\" data-e-type=\"widget\" data-widget_type=\"heading.default\">\n\t\t\t\t\t<h3 class=\"elementor-heading-title elementor-size-default\">Ein Jahrhundert der Neuerungen\n<\/h3>\t\t\t\t<\/div>\n\t\t\t\t<div class=\"elementor-element elementor-element-6a46ad8 elementor-widget elementor-widget-spacer\" data-id=\"6a46ad8\" data-element_type=\"widget\" data-e-type=\"widget\" data-widget_type=\"spacer.default\">\n\t\t\t\t\t\t\t<div class=\"elementor-spacer\">\n\t\t\t<div class=\"elementor-spacer-inner\"><\/div>\n\t\t<\/div>\n\t\t\t\t\t\t<\/div>\n\t\t\t\t<div class=\"elementor-element elementor-element-b9ef15f elementor-widget elementor-widget-text-editor\" data-id=\"b9ef15f\" data-element_type=\"widget\" data-e-type=\"widget\" data-widget_type=\"text-editor.default\">\n\t\t\t\t\t\t\t\t\t<div class=\"textAndImage-text\"><div class=\"sc-182o2pm-0 jAVMrb b1 a-markdownContent focus-styling  no-title\" data-sln-id=\"automation_markdownContent_container\"><p class=\"sc-182o2pm-0 jAVMrb b1\" data-sln-id=\"atm_TextAndImageVariants.fiftyFifty_description\">Von Anfang an haben wir Wohntrends nicht nur vorhergesagt, sondern auch mitgestaltet. Zu unserem Jahrhundert der Neuerungen z\u00e4hlt die Neuerfindung des Plattenspielers und die Einf\u00fchrung ber\u00fchrungsempfindlicher Bedienelemente, die den Look einer ganzen \u00c4ra gepr\u00e4gt haben. Wir haben Pionierarbeit bei der Entwicklung von Universalfernbedienungen und vernetzten Lautsprechersystemen f\u00fcr das Zuhause geleistet. Unsere neueste Lautsprechertechnologie ist in der Elektronikbranche f\u00fchrend, was Langlebigkeit und Erweiterungsf\u00e4higkeit betrifft. Und die Liste ist hiermit noch lange nicht an ihrem Ende angelangt.<\/p><\/div><\/div>\t\t\t\t\t\t\t\t<\/div>\n\t\t\t\t<\/div>\n\t\t<div class=\"elementor-element elementor-element-f10d144 e-con-full e-flex e-con e-child\" data-id=\"f10d144\" data-element_type=\"container\" data-e-type=\"container\">\n\t\t\t\t<div class=\"elementor-element elementor-element-be7f91e elementor-widget elementor-widget-image\" data-id=\"be7f91e\" data-element_type=\"widget\" data-e-type=\"widget\" data-widget_type=\"image.default\">\n\t\t\t\t\t\t\t\t\t\t\t\t\t\t\t<img decoding=\"async\" width=\"1920\" height=\"1920\" src=\"https:\/\/staegerag.ch\/bang-olufsen\/wp-content\/uploads\/sites\/2\/2025\/09\/Beogram_4000c_0035.webp\" class=\"attachment-full size-full wp-image-1214\" alt=\"\" srcset=\"https:\/\/staegerag.ch\/bang-olufsen\/wp-content\/uploads\/sites\/2\/2025\/09\/Beogram_4000c_0035.webp 1920w, https:\/\/staegerag.ch\/bang-olufsen\/wp-content\/uploads\/sites\/2\/2025\/09\/Beogram_4000c_0035-300x300.webp 300w, https:\/\/staegerag.ch\/bang-olufsen\/wp-content\/uploads\/sites\/2\/2025\/09\/Beogram_4000c_0035-1024x1024.webp 1024w, https:\/\/staegerag.ch\/bang-olufsen\/wp-content\/uploads\/sites\/2\/2025\/09\/Beogram_4000c_0035-150x150.webp 150w, https:\/\/staegerag.ch\/bang-olufsen\/wp-content\/uploads\/sites\/2\/2025\/09\/Beogram_4000c_0035-768x768.webp 768w, https:\/\/staegerag.ch\/bang-olufsen\/wp-content\/uploads\/sites\/2\/2025\/09\/Beogram_4000c_0035-1536x1536.webp 1536w, https:\/\/staegerag.ch\/bang-olufsen\/wp-content\/uploads\/sites\/2\/2025\/09\/Beogram_4000c_0035-600x600.webp 600w, https:\/\/staegerag.ch\/bang-olufsen\/wp-content\/uploads\/sites\/2\/2025\/09\/Beogram_4000c_0035-100x100.webp 100w\" sizes=\"(max-width: 1920px) 100vw, 1920px\" \/>\t\t\t\t\t\t\t\t\t\t\t\t\t\t\t<\/div>\n\t\t\t\t<\/div>\n\t\t\t\t\t<\/div>\n\t\t\t\t<\/div>\n\t\t<div class=\"elementor-element elementor-element-61361ca e-flex e-con-boxed e-con e-parent\" data-id=\"61361ca\" data-element_type=\"container\" data-e-type=\"container\">\n\t\t\t\t\t<div class=\"e-con-inner\">\n\t\t<div class=\"elementor-element elementor-element-ec0c6f5 e-con-full e-flex e-con e-child\" data-id=\"ec0c6f5\" data-element_type=\"container\" data-e-type=\"container\">\n\t\t\t\t<div class=\"elementor-element elementor-element-86e4061 elementor-widget elementor-widget-image\" data-id=\"86e4061\" data-element_type=\"widget\" data-e-type=\"widget\" data-widget_type=\"image.default\">\n\t\t\t\t\t\t\t\t\t\t\t\t\t\t\t<img loading=\"lazy\" decoding=\"async\" width=\"1920\" height=\"1920\" src=\"https:\/\/staegerag.ch\/bang-olufsen\/wp-content\/uploads\/sites\/2\/2025\/09\/Bang-Olufsen-APW-251f3.webp\" class=\"attachment-full size-full wp-image-1219\" alt=\"\" srcset=\"https:\/\/staegerag.ch\/bang-olufsen\/wp-content\/uploads\/sites\/2\/2025\/09\/Bang-Olufsen-APW-251f3.webp 1920w, https:\/\/staegerag.ch\/bang-olufsen\/wp-content\/uploads\/sites\/2\/2025\/09\/Bang-Olufsen-APW-251f3-300x300.webp 300w, https:\/\/staegerag.ch\/bang-olufsen\/wp-content\/uploads\/sites\/2\/2025\/09\/Bang-Olufsen-APW-251f3-1024x1024.webp 1024w, https:\/\/staegerag.ch\/bang-olufsen\/wp-content\/uploads\/sites\/2\/2025\/09\/Bang-Olufsen-APW-251f3-150x150.webp 150w, https:\/\/staegerag.ch\/bang-olufsen\/wp-content\/uploads\/sites\/2\/2025\/09\/Bang-Olufsen-APW-251f3-768x768.webp 768w, https:\/\/staegerag.ch\/bang-olufsen\/wp-content\/uploads\/sites\/2\/2025\/09\/Bang-Olufsen-APW-251f3-1536x1536.webp 1536w, https:\/\/staegerag.ch\/bang-olufsen\/wp-content\/uploads\/sites\/2\/2025\/09\/Bang-Olufsen-APW-251f3-600x600.webp 600w, https:\/\/staegerag.ch\/bang-olufsen\/wp-content\/uploads\/sites\/2\/2025\/09\/Bang-Olufsen-APW-251f3-100x100.webp 100w\" sizes=\"(max-width: 1920px) 100vw, 1920px\" \/>\t\t\t\t\t\t\t\t\t\t\t\t\t\t\t<\/div>\n\t\t\t\t<\/div>\n\t\t<div class=\"elementor-element elementor-element-4970a44 e-con-full e-flex e-con e-child\" data-id=\"4970a44\" data-element_type=\"container\" data-e-type=\"container\">\n\t\t\t\t<div class=\"elementor-element elementor-element-d5b0383 elementor-widget elementor-widget-heading\" data-id=\"d5b0383\" data-element_type=\"widget\" data-e-type=\"widget\" data-widget_type=\"heading.default\">\n\t\t\t\t\t<h3 class=\"elementor-heading-title elementor-size-default\">Das Original von Think Different (Anders denken)<\/h3>\t\t\t\t<\/div>\n\t\t\t\t<div class=\"elementor-element elementor-element-3445195 elementor-widget elementor-widget-spacer\" data-id=\"3445195\" data-element_type=\"widget\" data-e-type=\"widget\" data-widget_type=\"spacer.default\">\n\t\t\t\t\t\t\t<div class=\"elementor-spacer\">\n\t\t\t<div class=\"elementor-spacer-inner\"><\/div>\n\t\t<\/div>\n\t\t\t\t\t\t<\/div>\n\t\t\t\t<div class=\"elementor-element elementor-element-872260c elementor-widget elementor-widget-text-editor\" data-id=\"872260c\" data-element_type=\"widget\" data-e-type=\"widget\" data-widget_type=\"text-editor.default\">\n\t\t\t\t\t\t\t\t\t<div class=\"sc-182o2pm-0 cFbzdb component_index_1 m-textAndImage -fiftyFifty -withBackground\" data-sln-id=\"atm_TextAndImageVariants_container\"><div class=\"sc-182o2pm-0 lMFkE a-container container-fluid -padded\"><div class=\"m-textAndImage__wrapper\"><div class=\"row\"><div class=\"col-xs-12 col-sm-6\"><div class=\"row textAndImageTextWrapper\"><div class=\"col-xs-12 col-sm-offset-2 col-sm-8 m-textAndImage__copy\"><div class=\"textAndImage-text\"><div class=\"sc-182o2pm-0 jAVMrb b1 a-markdownContent focus-styling no-title\" data-sln-id=\"automation_markdownContent_container\"><div class=\"sc-182o2pm-0 cFbzdb component_index_6 m-textAndImage -fiftyFifty -withBackground\" data-sln-id=\"atm_TextAndImageVariants_container\"><div class=\"sc-182o2pm-0 lMFkE a-container container-fluid -padded\"><div class=\"m-textAndImage__wrapper\"><div class=\"row\"><div class=\"col-xs-12 col-sm-6\"><div class=\"row textAndImageTextWrapper\"><div class=\"col-xs-12 col-sm-offset-2 col-sm-8 m-textAndImage__copy\"><div><div class=\"textAndImage-text\"><div class=\"sc-182o2pm-0 jAVMrb b1 a-markdownContent focus-styling  no-title\" data-sln-id=\"automation_markdownContent_container\"><p class=\"sc-182o2pm-0 jAVMrb b1\" data-sln-id=\"atm_TextAndImageVariants_description\">Unser Markenslogan aus den 1960er Jahren, \u201aWe think differently (Wir denken anders)\u2018, ist nach wie vor inspirierend \u2013 und h\u00e4lt uns in einem Designansatz verwurzelt, der Risiken und Experimente bewusst in Kauf nimmt. Dieser Innovationsgeist hat dazu gef\u00fchrt, dass viele unserer Produkte von f\u00fchrenden Kunst- und Designmuseen gefeiert und gesammelt werden, darunter die st\u00e4ndige Sammlung des MoMA. Aber das sind keine Museumsst\u00fccke: Wir sind st\u00e4ndig bestrebt, uns zu verbessern.<\/p><\/div><\/div><\/div><\/div><\/div><\/div><\/div><\/div><\/div><\/div><div class=\"sc-182o2pm-0 fQZIQh component_index_7 m-textAndImage -fiftyFifty -imageRight -withBackground\" data-sln-id=\"atm_TextAndImageVariants.fiftyFifty_container\"><div class=\"sc-182o2pm-0 lMFkE a-container container-fluid -padded\"><div class=\"m-textAndImage__wrapper\"><div class=\"row\"><div class=\"m-textAndImage__columnLeft col-xs-12 col-sm-6\"><div class=\"m-textAndImage__image\"><div class=\"image-clickable\"><div class=\"parallax-outer sc-182o2pm-0 jDVoKd a-parallaxImage h-inherit\"><div class=\"parallax-inner\"><div role=\"presentation\">\u00a0<\/div><\/div><\/div><\/div><\/div><\/div><\/div><\/div><\/div><\/div><\/div><\/div><\/div><\/div><\/div><\/div><\/div><\/div><\/div><div class=\"sc-182o2pm-0 byBya-D component_index_2 m-textAndImage -background -lightTheme\"><div class=\"sc-182o2pm-0 lMFkE a-container container-fluid -padded\"><div class=\"m-textAndImage__wrapper\"><div class=\"parallax-outer sc-182o2pm-0 jDVoKd m-textAndImage__background a-parallaxImage \"><div class=\"parallax-inner\"><div role=\"presentation\"><div class=\"sc-182o2pm-0 chUjjz -large -loaded a-responsiveImage\"><div class=\"sc-182o2pm-0 kCwnwR a-observer -inView\"><picture><source srcset=\"\/\/images.ctfassets.net\/8cd2csgvqd3m\/72pCcisLKjWDF95hMj14yX\/441a02cff8d89f868293a7636738fd7f\/1Capri58-150.png?q=90&amp;fm=webp&amp;w=828&amp;h=465&amp;fit=fill\" media=\"(max-width: 768px)\" \/><source srcset=\"\/\/images.ctfassets.net\/8cd2csgvqd3m\/72pCcisLKjWDF95hMj14yX\/441a02cff8d89f868293a7636738fd7f\/1Capri58-150.png?q=90&amp;fm=webp&amp;w=1656&amp;h=931&amp;fit=fill\" media=\"(min-width: 768px)\" \/><\/picture><\/div><\/div><\/div><\/div><\/div><\/div><\/div><\/div>\t\t\t\t\t\t\t\t<\/div>\n\t\t\t\t<\/div>\n\t\t\t\t\t<\/div>\n\t\t\t\t<\/div>\n\t\t<div class=\"elementor-element elementor-element-46b9022 e-flex e-con-boxed e-con e-parent\" data-id=\"46b9022\" data-element_type=\"container\" data-e-type=\"container\">\n\t\t\t\t\t<div class=\"e-con-inner\">\n\t\t<div class=\"elementor-element elementor-element-762efc4 e-con-full e-flex e-con e-child\" data-id=\"762efc4\" data-element_type=\"container\" data-e-type=\"container\">\n\t\t\t\t<div class=\"elementor-element elementor-element-86d6ed6 elementor-widget elementor-widget-heading\" data-id=\"86d6ed6\" data-element_type=\"widget\" data-e-type=\"widget\" data-widget_type=\"heading.default\">\n\t\t\t\t\t<h3 class=\"elementor-heading-title elementor-size-default\">Bekenntnis zur Nachhaltigkeit<\/h3>\t\t\t\t<\/div>\n\t\t\t\t<div class=\"elementor-element elementor-element-7ef3511 elementor-widget elementor-widget-spacer\" data-id=\"7ef3511\" data-element_type=\"widget\" data-e-type=\"widget\" data-widget_type=\"spacer.default\">\n\t\t\t\t\t\t\t<div class=\"elementor-spacer\">\n\t\t\t<div class=\"elementor-spacer-inner\"><\/div>\n\t\t<\/div>\n\t\t\t\t\t\t<\/div>\n\t\t\t\t<div class=\"elementor-element elementor-element-f679061 elementor-widget elementor-widget-text-editor\" data-id=\"f679061\" data-element_type=\"widget\" data-e-type=\"widget\" data-widget_type=\"text-editor.default\">\n\t\t\t\t\t\t\t\t\t<div class=\"textAndImage-text\"><div class=\"sc-182o2pm-0 jAVMrb b1 a-markdownContent focus-styling no-title\" data-sln-id=\"automation_markdownContent_container\"><div class=\"textAndImage-text\"><div class=\"sc-182o2pm-0 jAVMrb b1 a-markdownContent focus-styling  no-title\" data-sln-id=\"automation_markdownContent_container\"><p class=\"sc-182o2pm-0 jAVMrb b1\" data-sln-id=\"atm_TextAndImageVariants.fiftyFifty_description\">Unser Engagement f\u00fcr die Abfallvermeidung bedeutet, dass wir uns die Prinzipien der Kreislaufwirtschaft zu eigen machen und einen verantwortungsvollen Konsum f\u00f6rdern. Wir arbeiten daran, alle Komponenten austauschbar, anpassbar und erweiterbar zu machen, damit wir die Lebensdauer unserer Produkte auf unbestimmte Zeit verl\u00e4ngern k\u00f6nnen. Das ist ein wesentlicher Bestandteil unserer Reise.<\/p><\/div><\/div><\/div><\/div>\t\t\t\t\t\t\t\t<\/div>\n\t\t\t\t<\/div>\n\t\t<div class=\"elementor-element elementor-element-568093b e-con-full e-flex e-con e-child\" data-id=\"568093b\" data-element_type=\"container\" data-e-type=\"container\">\n\t\t\t\t<div class=\"elementor-element elementor-element-10a8236 elementor-widget elementor-widget-image\" data-id=\"10a8236\" data-element_type=\"widget\" data-e-type=\"widget\" data-widget_type=\"image.default\">\n\t\t\t\t\t\t\t\t\t\t\t\t\t\t\t<img loading=\"lazy\" decoding=\"async\" width=\"1920\" height=\"1920\" src=\"https:\/\/staegerag.ch\/bang-olufsen\/wp-content\/uploads\/sites\/2\/2025\/09\/Beoplay_H95_0035.webp\" class=\"attachment-full size-full wp-image-1218\" alt=\"\" srcset=\"https:\/\/staegerag.ch\/bang-olufsen\/wp-content\/uploads\/sites\/2\/2025\/09\/Beoplay_H95_0035.webp 1920w, https:\/\/staegerag.ch\/bang-olufsen\/wp-content\/uploads\/sites\/2\/2025\/09\/Beoplay_H95_0035-300x300.webp 300w, https:\/\/staegerag.ch\/bang-olufsen\/wp-content\/uploads\/sites\/2\/2025\/09\/Beoplay_H95_0035-1024x1024.webp 1024w, https:\/\/staegerag.ch\/bang-olufsen\/wp-content\/uploads\/sites\/2\/2025\/09\/Beoplay_H95_0035-150x150.webp 150w, https:\/\/staegerag.ch\/bang-olufsen\/wp-content\/uploads\/sites\/2\/2025\/09\/Beoplay_H95_0035-768x768.webp 768w, https:\/\/staegerag.ch\/bang-olufsen\/wp-content\/uploads\/sites\/2\/2025\/09\/Beoplay_H95_0035-1536x1536.webp 1536w, https:\/\/staegerag.ch\/bang-olufsen\/wp-content\/uploads\/sites\/2\/2025\/09\/Beoplay_H95_0035-600x600.webp 600w, https:\/\/staegerag.ch\/bang-olufsen\/wp-content\/uploads\/sites\/2\/2025\/09\/Beoplay_H95_0035-100x100.webp 100w\" sizes=\"(max-width: 1920px) 100vw, 1920px\" \/>\t\t\t\t\t\t\t\t\t\t\t\t\t\t\t<\/div>\n\t\t\t\t<\/div>\n\t\t\t\t\t<\/div>\n\t\t\t\t<\/div>\n\t\t<div class=\"elementor-element elementor-element-416b791 e-flex e-con-boxed e-con e-parent\" data-id=\"416b791\" data-element_type=\"container\" data-e-type=\"container\">\n\t\t\t\t\t<div class=\"e-con-inner\">\n\t\t\t\t<div class=\"elementor-element elementor-element-3e6e819 elementor-widget elementor-widget-spacer\" data-id=\"3e6e819\" data-element_type=\"widget\" data-e-type=\"widget\" data-widget_type=\"spacer.default\">\n\t\t\t\t\t\t\t<div class=\"elementor-spacer\">\n\t\t\t<div class=\"elementor-spacer-inner\"><\/div>\n\t\t<\/div>\n\t\t\t\t\t\t<\/div>\n\t\t\t\t<div class=\"elementor-element elementor-element-a036739 elementor-widget elementor-widget-heading\" data-id=\"a036739\" data-element_type=\"widget\" data-e-type=\"widget\" data-widget_type=\"heading.default\">\n\t\t\t\t\t<h3 class=\"elementor-heading-title elementor-size-default\">Die Kraft der Zusammenarbeit\n<\/h3>\t\t\t\t<\/div>\n\t\t\t\t<div class=\"elementor-element elementor-element-8d60fcb elementor-widget elementor-widget-text-editor\" data-id=\"8d60fcb\" data-element_type=\"widget\" data-e-type=\"widget\" data-widget_type=\"text-editor.default\">\n\t\t\t\t\t\t\t\t\t<div class=\"sc-182o2pm-0 cOlqVg component_index_8 m-text\" data-sln-id=\"atm_Text\"><div class=\"sc-182o2pm-0 lMFkE a-container container-fluid -padded\"><div class=\"row\"><div class=\"col-xs-12 col-sm-offset-2 col-sm-8 col-lg-offset-3 col-lg-6\"><div class=\"sc-182o2pm-0 jAVMrb a-markdownContent focus-styling \" data-sln-id=\"automation_markdownContent_container\"><p class=\"sc-182o2pm-0 jAVMrb\" data-sln-id=\"atm_Text_description\">Seit Peter und Svend sich 1925 zusammengetan haben, pflegen wir einen starken Geist der Zusammenarbeit und des gegenseitigen Respekts, der auf einer gemeinsamen Vision und Leidenschaft beruht. Wir arbeiten mit den besten Talenten der Welt zusammen, um legend\u00e4re Designs f\u00fcr die Zukunft zu entwerfen.<\/p><\/div><\/div><\/div><\/div><\/div>\t\t\t\t\t\t\t\t<\/div>\n\t\t\t\t\t<\/div>\n\t\t\t\t<\/div>\n\t\t\t\t<\/div>\n\t\t","protected":false},"excerpt":{"rendered":"<p>DIE GESCHICHTE VON BANG &amp; OLUFSEN Legend\u00e4re Qualit\u00e4t seit 1925 Seit 1925 stellt Bang\u00a0&amp; Olufsen Audio- und Home-Entertainment-Produkte mit Kultstatus her, die h\u00f6chsten Anspr\u00fcchen an Handwerk und Design gen\u00fcgen. Peter Bang und Svend Olufsen 1925 erfanden Peter Bang und Svend Olufsen in einem d\u00e4nischen Bauernhaus das Radio neu. Sie entwickelten den Eliminator, das erste Radio [&hellip;]<\/p>\n","protected":false},"author":1,"featured_media":0,"parent":0,"menu_order":0,"comment_status":"closed","ping_status":"closed","template":"","meta":{"footnotes":""},"class_list":["post-1210","page","type-page","status-publish","hentry"],"yoast_head":"<!-- This site is optimized with the Yoast SEO Premium plugin v27.4 (Yoast SEO v27.4) - https:\/\/yoast.com\/product\/yoast-seo-premium-wordpress\/ -->\n<title>Die Geschichte von Bang &amp; Olufsen - Bang &amp; Olufsen STAEGER AG Thalwil - St\u00e4fa<\/title>\n<meta name=\"robots\" content=\"index, follow, max-snippet:-1, max-image-preview:large, max-video-preview:-1\" \/>\n<link rel=\"canonical\" href=\"https:\/\/staegerag.ch\/bang-olufsen\/die-geschichte-von-bang-olufsen\/\" \/>\n<meta property=\"og:locale\" content=\"de_DE\" \/>\n<meta property=\"og:type\" content=\"article\" \/>\n<meta property=\"og:title\" content=\"Die Geschichte von Bang &amp; Olufsen\" \/>\n<meta property=\"og:description\" content=\"DIE GESCHICHTE VON BANG &amp; OLUFSEN Legend\u00e4re Qualit\u00e4t seit 1925 Seit 1925 stellt Bang\u00a0&amp; Olufsen Audio- und Home-Entertainment-Produkte mit Kultstatus her, die h\u00f6chsten Anspr\u00fcchen an Handwerk und Design gen\u00fcgen. Peter Bang und Svend Olufsen 1925 erfanden Peter Bang und Svend Olufsen in einem d\u00e4nischen Bauernhaus das Radio neu. Sie entwickelten den Eliminator, das erste Radio [&hellip;]\" \/>\n<meta property=\"og:url\" content=\"https:\/\/staegerag.ch\/bang-olufsen\/die-geschichte-von-bang-olufsen\/\" \/>\n<meta property=\"og:site_name\" content=\"Bang &amp; Olufsen STAEGER AG Thalwil - St\u00e4fa\" \/>\n<meta property=\"article:modified_time\" content=\"2025-09-27T10:51:11+00:00\" \/>\n<meta property=\"og:image\" content=\"http:\/\/staegerag.ch\/bang-olufsen\/wp-content\/uploads\/sites\/2\/2025\/09\/Landscape-parallax-crop__1_.webp\" \/>\n<script type=\"application\/ld+json\" class=\"yoast-schema-graph\">{\"@context\":\"https:\\\/\\\/schema.org\",\"@graph\":[{\"@type\":\"WebPage\",\"@id\":\"https:\\\/\\\/staegerag.ch\\\/bang-olufsen\\\/die-geschichte-von-bang-olufsen\\\/\",\"url\":\"https:\\\/\\\/staegerag.ch\\\/bang-olufsen\\\/die-geschichte-von-bang-olufsen\\\/\",\"name\":\"Die Geschichte von Bang &amp; Olufsen - Bang &amp; Olufsen STAEGER AG Thalwil - St\u00e4fa\",\"isPartOf\":{\"@id\":\"https:\\\/\\\/staegerag.ch\\\/bang-olufsen\\\/#website\"},\"primaryImageOfPage\":{\"@id\":\"https:\\\/\\\/staegerag.ch\\\/bang-olufsen\\\/die-geschichte-von-bang-olufsen\\\/#primaryimage\"},\"image\":{\"@id\":\"https:\\\/\\\/staegerag.ch\\\/bang-olufsen\\\/die-geschichte-von-bang-olufsen\\\/#primaryimage\"},\"thumbnailUrl\":\"http:\\\/\\\/staegerag.ch\\\/bang-olufsen\\\/wp-content\\\/uploads\\\/sites\\\/2\\\/2025\\\/09\\\/Landscape-parallax-crop__1_.webp\",\"datePublished\":\"2025-09-27T09:32:27+00:00\",\"dateModified\":\"2025-09-27T10:51:11+00:00\",\"breadcrumb\":{\"@id\":\"https:\\\/\\\/staegerag.ch\\\/bang-olufsen\\\/die-geschichte-von-bang-olufsen\\\/#breadcrumb\"},\"inLanguage\":\"de\",\"potentialAction\":[{\"@type\":\"ReadAction\",\"target\":[\"https:\\\/\\\/staegerag.ch\\\/bang-olufsen\\\/die-geschichte-von-bang-olufsen\\\/\"]}]},{\"@type\":\"ImageObject\",\"inLanguage\":\"de\",\"@id\":\"https:\\\/\\\/staegerag.ch\\\/bang-olufsen\\\/die-geschichte-von-bang-olufsen\\\/#primaryimage\",\"url\":\"https:\\\/\\\/staegerag.ch\\\/bang-olufsen\\\/wp-content\\\/uploads\\\/sites\\\/2\\\/2025\\\/09\\\/Landscape-parallax-crop__1_.webp\",\"contentUrl\":\"https:\\\/\\\/staegerag.ch\\\/bang-olufsen\\\/wp-content\\\/uploads\\\/sites\\\/2\\\/2025\\\/09\\\/Landscape-parallax-crop__1_.webp\",\"width\":1920,\"height\":1080},{\"@type\":\"BreadcrumbList\",\"@id\":\"https:\\\/\\\/staegerag.ch\\\/bang-olufsen\\\/die-geschichte-von-bang-olufsen\\\/#breadcrumb\",\"itemListElement\":[{\"@type\":\"ListItem\",\"position\":1,\"name\":\"Startseite\",\"item\":\"https:\\\/\\\/staegerag.ch\\\/bang-olufsen\\\/\"},{\"@type\":\"ListItem\",\"position\":2,\"name\":\"Die Geschichte von Bang &amp; Olufsen\"}]},{\"@type\":\"WebSite\",\"@id\":\"https:\\\/\\\/staegerag.ch\\\/bang-olufsen\\\/#website\",\"url\":\"https:\\\/\\\/staegerag.ch\\\/bang-olufsen\\\/\",\"name\":\"Bang & Olufsen STAEGER AG Thalwil - St\u00e4fa\",\"description\":\"sehen - h\u00f6ren - f\u00fchlen - erleben\",\"publisher\":{\"@id\":\"https:\\\/\\\/staegerag.ch\\\/bang-olufsen\\\/#organization\"},\"alternateName\":\"Bang & Olufsen Partner der Schweiz\",\"potentialAction\":[{\"@type\":\"SearchAction\",\"target\":{\"@type\":\"EntryPoint\",\"urlTemplate\":\"https:\\\/\\\/staegerag.ch\\\/bang-olufsen\\\/?s={search_term_string}\"},\"query-input\":{\"@type\":\"PropertyValueSpecification\",\"valueRequired\":true,\"valueName\":\"search_term_string\"}}],\"inLanguage\":\"de\"},{\"@type\":\"Organization\",\"@id\":\"https:\\\/\\\/staegerag.ch\\\/bang-olufsen\\\/#organization\",\"name\":\"Bang & Olufsen STAEGER AG Thalwil - St\u00e4fa\",\"alternateName\":\"Ihr Bang & Olufsen Partner der Schweiz\",\"url\":\"https:\\\/\\\/staegerag.ch\\\/bang-olufsen\\\/\",\"logo\":{\"@type\":\"ImageObject\",\"inLanguage\":\"de\",\"@id\":\"https:\\\/\\\/staegerag.ch\\\/bang-olufsen\\\/#\\\/schema\\\/logo\\\/image\\\/\",\"url\":\"https:\\\/\\\/staegerag.ch\\\/bang-olufsen\\\/wp-content\\\/uploads\\\/sites\\\/2\\\/2025\\\/09\\\/bo1925-bl-staegerag-scaled.png\",\"contentUrl\":\"https:\\\/\\\/staegerag.ch\\\/bang-olufsen\\\/wp-content\\\/uploads\\\/sites\\\/2\\\/2025\\\/09\\\/bo1925-bl-staegerag-scaled.png\",\"width\":2560,\"height\":857,\"caption\":\"Bang & Olufsen STAEGER AG Thalwil - St\u00e4fa\"},\"image\":{\"@id\":\"https:\\\/\\\/staegerag.ch\\\/bang-olufsen\\\/#\\\/schema\\\/logo\\\/image\\\/\"},\"sameAs\":[\"https:\\\/\\\/www.instagram.com\\\/bangolufsen_thalwil\\\/\"],\"description\":\"Die Bang & Olufsen STAEGER AG ist der anerkannte Multimedia-Spezialist und Flaggschiff-Partner von Bang & Olufsen am Z\u00fcrichsee, der High-End-Audio- und Video-L\u00f6sungen mit umfassender Beratung und Installation f\u00fcr Smart Homes anbietet.\",\"legalName\":\"Radio-Televisoin STAEGER AG\",\"foundingDate\":\"1955-12-24\",\"numberOfEmployees\":{\"@type\":\"QuantitativeValue\",\"minValue\":\"11\",\"maxValue\":\"50\"}}]}<\/script>\n<!-- \/ Yoast SEO Premium plugin. -->","yoast_head_json":{"title":"Die Geschichte von Bang &amp; Olufsen - Bang &amp; Olufsen STAEGER AG Thalwil - St\u00e4fa","robots":{"index":"index","follow":"follow","max-snippet":"max-snippet:-1","max-image-preview":"max-image-preview:large","max-video-preview":"max-video-preview:-1"},"canonical":"https:\/\/staegerag.ch\/bang-olufsen\/die-geschichte-von-bang-olufsen\/","og_locale":"de_DE","og_type":"article","og_title":"Die Geschichte von Bang &amp; Olufsen","og_description":"DIE GESCHICHTE VON BANG &amp; OLUFSEN Legend\u00e4re Qualit\u00e4t seit 1925 Seit 1925 stellt Bang\u00a0&amp; Olufsen Audio- und Home-Entertainment-Produkte mit Kultstatus her, die h\u00f6chsten Anspr\u00fcchen an Handwerk und Design gen\u00fcgen. Peter Bang und Svend Olufsen 1925 erfanden Peter Bang und Svend Olufsen in einem d\u00e4nischen Bauernhaus das Radio neu. Sie entwickelten den Eliminator, das erste Radio [&hellip;]","og_url":"https:\/\/staegerag.ch\/bang-olufsen\/die-geschichte-von-bang-olufsen\/","og_site_name":"Bang &amp; Olufsen STAEGER AG Thalwil - St\u00e4fa","article_modified_time":"2025-09-27T10:51:11+00:00","og_image":[{"url":"http:\/\/staegerag.ch\/bang-olufsen\/wp-content\/uploads\/sites\/2\/2025\/09\/Landscape-parallax-crop__1_.webp","type":"","width":"","height":""}],"schema":{"@context":"https:\/\/schema.org","@graph":[{"@type":"WebPage","@id":"https:\/\/staegerag.ch\/bang-olufsen\/die-geschichte-von-bang-olufsen\/","url":"https:\/\/staegerag.ch\/bang-olufsen\/die-geschichte-von-bang-olufsen\/","name":"Die Geschichte von Bang &amp; Olufsen - Bang &amp; Olufsen STAEGER AG Thalwil - St\u00e4fa","isPartOf":{"@id":"https:\/\/staegerag.ch\/bang-olufsen\/#website"},"primaryImageOfPage":{"@id":"https:\/\/staegerag.ch\/bang-olufsen\/die-geschichte-von-bang-olufsen\/#primaryimage"},"image":{"@id":"https:\/\/staegerag.ch\/bang-olufsen\/die-geschichte-von-bang-olufsen\/#primaryimage"},"thumbnailUrl":"http:\/\/staegerag.ch\/bang-olufsen\/wp-content\/uploads\/sites\/2\/2025\/09\/Landscape-parallax-crop__1_.webp","datePublished":"2025-09-27T09:32:27+00:00","dateModified":"2025-09-27T10:51:11+00:00","breadcrumb":{"@id":"https:\/\/staegerag.ch\/bang-olufsen\/die-geschichte-von-bang-olufsen\/#breadcrumb"},"inLanguage":"de","potentialAction":[{"@type":"ReadAction","target":["https:\/\/staegerag.ch\/bang-olufsen\/die-geschichte-von-bang-olufsen\/"]}]},{"@type":"ImageObject","inLanguage":"de","@id":"https:\/\/staegerag.ch\/bang-olufsen\/die-geschichte-von-bang-olufsen\/#primaryimage","url":"https:\/\/staegerag.ch\/bang-olufsen\/wp-content\/uploads\/sites\/2\/2025\/09\/Landscape-parallax-crop__1_.webp","contentUrl":"https:\/\/staegerag.ch\/bang-olufsen\/wp-content\/uploads\/sites\/2\/2025\/09\/Landscape-parallax-crop__1_.webp","width":1920,"height":1080},{"@type":"BreadcrumbList","@id":"https:\/\/staegerag.ch\/bang-olufsen\/die-geschichte-von-bang-olufsen\/#breadcrumb","itemListElement":[{"@type":"ListItem","position":1,"name":"Startseite","item":"https:\/\/staegerag.ch\/bang-olufsen\/"},{"@type":"ListItem","position":2,"name":"Die Geschichte von Bang &amp; Olufsen"}]},{"@type":"WebSite","@id":"https:\/\/staegerag.ch\/bang-olufsen\/#website","url":"https:\/\/staegerag.ch\/bang-olufsen\/","name":"Bang & Olufsen STAEGER AG Thalwil - St\u00e4fa","description":"sehen - h\u00f6ren - f\u00fchlen - erleben","publisher":{"@id":"https:\/\/staegerag.ch\/bang-olufsen\/#organization"},"alternateName":"Bang & Olufsen Partner der Schweiz","potentialAction":[{"@type":"SearchAction","target":{"@type":"EntryPoint","urlTemplate":"https:\/\/staegerag.ch\/bang-olufsen\/?s={search_term_string}"},"query-input":{"@type":"PropertyValueSpecification","valueRequired":true,"valueName":"search_term_string"}}],"inLanguage":"de"},{"@type":"Organization","@id":"https:\/\/staegerag.ch\/bang-olufsen\/#organization","name":"Bang & Olufsen STAEGER AG Thalwil - St\u00e4fa","alternateName":"Ihr Bang & Olufsen Partner der Schweiz","url":"https:\/\/staegerag.ch\/bang-olufsen\/","logo":{"@type":"ImageObject","inLanguage":"de","@id":"https:\/\/staegerag.ch\/bang-olufsen\/#\/schema\/logo\/image\/","url":"https:\/\/staegerag.ch\/bang-olufsen\/wp-content\/uploads\/sites\/2\/2025\/09\/bo1925-bl-staegerag-scaled.png","contentUrl":"https:\/\/staegerag.ch\/bang-olufsen\/wp-content\/uploads\/sites\/2\/2025\/09\/bo1925-bl-staegerag-scaled.png","width":2560,"height":857,"caption":"Bang & Olufsen STAEGER AG Thalwil - St\u00e4fa"},"image":{"@id":"https:\/\/staegerag.ch\/bang-olufsen\/#\/schema\/logo\/image\/"},"sameAs":["https:\/\/www.instagram.com\/bangolufsen_thalwil\/"],"description":"Die Bang & Olufsen STAEGER AG ist der anerkannte Multimedia-Spezialist und Flaggschiff-Partner von Bang & Olufsen am Z\u00fcrichsee, der High-End-Audio- und Video-L\u00f6sungen mit umfassender Beratung und Installation f\u00fcr Smart Homes anbietet.","legalName":"Radio-Televisoin STAEGER AG","foundingDate":"1955-12-24","numberOfEmployees":{"@type":"QuantitativeValue","minValue":"11","maxValue":"50"}}]}},"_links":{"self":[{"href":"https:\/\/staegerag.ch\/bang-olufsen\/wp-json\/wp\/v2\/pages\/1210","targetHints":{"allow":["GET"]}}],"collection":[{"href":"https:\/\/staegerag.ch\/bang-olufsen\/wp-json\/wp\/v2\/pages"}],"about":[{"href":"https:\/\/staegerag.ch\/bang-olufsen\/wp-json\/wp\/v2\/types\/page"}],"author":[{"embeddable":true,"href":"https:\/\/staegerag.ch\/bang-olufsen\/wp-json\/wp\/v2\/users\/1"}],"replies":[{"embeddable":true,"href":"https:\/\/staegerag.ch\/bang-olufsen\/wp-json\/wp\/v2\/comments?post=1210"}],"version-history":[{"count":13,"href":"https:\/\/staegerag.ch\/bang-olufsen\/wp-json\/wp\/v2\/pages\/1210\/revisions"}],"predecessor-version":[{"id":1256,"href":"https:\/\/staegerag.ch\/bang-olufsen\/wp-json\/wp\/v2\/pages\/1210\/revisions\/1256"}],"wp:attachment":[{"href":"https:\/\/staegerag.ch\/bang-olufsen\/wp-json\/wp\/v2\/media?parent=1210"}],"curies":[{"name":"wp","href":"https:\/\/api.w.org\/{rel}","templated":true}]}}