{"id":126,"date":"2025-09-26T11:25:40","date_gmt":"2025-09-26T09:25:40","guid":{"rendered":"http:\/\/staegerag.ch\/bang-olufsen\/?page_id=126"},"modified":"2025-09-26T11:27:42","modified_gmt":"2025-09-26T09:27:42","slug":"datenschutzerklaerung","status":"publish","type":"page","link":"https:\/\/staegerag.ch\/bang-olufsen\/datenschutzerklaerung\/","title":{"rendered":"Datenschutzerkl\u00e4rung"},"content":{"rendered":"\t\t<div data-elementor-type=\"wp-page\" data-elementor-id=\"126\" class=\"elementor elementor-126\" data-elementor-post-type=\"page\">\n\t\t\t\t<div class=\"elementor-element elementor-element-21ddaed e-flex e-con-boxed e-con e-parent\" data-id=\"21ddaed\" data-element_type=\"container\" data-e-type=\"container\">\n\t\t\t\t\t<div class=\"e-con-inner\">\n\t\t\t\t<div class=\"elementor-element elementor-element-d7d568a elementor-widget elementor-widget-heading\" data-id=\"d7d568a\" data-element_type=\"widget\" data-e-type=\"widget\" data-widget_type=\"heading.default\">\n\t\t\t\t\t<h2 class=\"elementor-heading-title elementor-size-default\">Datenschutzerkl\u00e4rung<\/h2>\t\t\t\t<\/div>\n\t\t\t\t<div class=\"elementor-element elementor-element-a52a20a elementor-widget elementor-widget-heading\" data-id=\"a52a20a\" data-element_type=\"widget\" data-e-type=\"widget\" data-widget_type=\"heading.default\">\n\t\t\t\t\t<h2 class=\"elementor-heading-title elementor-size-default\">Das wichtigste zu unserer Datenschutzerkl\u00e4rung<\/h2>\t\t\t\t<\/div>\n\t\t\t\t<div class=\"elementor-element elementor-element-3035068 elementor-widget elementor-widget-text-editor\" data-id=\"3035068\" data-element_type=\"widget\" data-e-type=\"widget\" data-widget_type=\"text-editor.default\">\n\t\t\t\t\t\t\t\t\t<h6>1 \u2013 Welche Daten erfassen wir?<\/h6><p><!-- \/wp:heading --><\/p><p><!-- wp:list --><\/p><ul><li style=\"list-style-type: none;\"><ul><!-- wp:list-item --><\/ul><\/li><li>Bestandsdaten (zum Beispiel Personen-Stammdaten, Namen und Adressen)<\/li><li>Kontaktdaten (zum Beispiel E-Mail, Telefonnummern)<\/li><li>Inhaltsdaten (zum Beispiel Texteingaben, Zahleneingaben, Fotografien, Videos).<\/li><li>Meta-\/Kommunikationsdaten (zum Beispiel Ger\u00e4te-Informationen, IP-Adressen)<\/li><li>Zahlungsdaten (zum Beispiel Bankverbindung, Zahlungshistorie, etc.)<\/li><\/ul><p><!-- \/wp:list-item --><\/p><p><!-- wp:list-item --><\/p><p><!-- \/wp:list-item --><\/p><p><!-- wp:list-item --><\/p><p><!-- \/wp:list-item --><\/p><p><!-- wp:list-item --><\/p><p><!-- \/wp:list-item --><\/p><p><!-- \/wp:list --><\/p><p><!-- wp:paragraph --><\/p><p><!-- \/wp:paragraph --><\/p><p><!-- wp:heading {\"level\":5} --><\/p><h6>2 \u2013 Wer ist von unserer Datenverarbeitung betroffen?<\/h6><p><!-- \/wp:heading --><\/p><p><!-- wp:paragraph --><\/p><p>Nutzer des Onlineangebotes, Besucher, Dienstleistungs- und Produktebez\u00fcger (nachfolgend &#8222;Nutzer&#8220; genannt).<\/p><p><!-- \/wp:paragraph --><\/p><p><!-- wp:paragraph --><\/p><p><!-- \/wp:paragraph --><\/p><p><!-- wp:heading {\"level\":5} --><\/p><h6>3 \u2013 Wie nutzen wir Ihre personenbezogenen Daten?<\/h6><p><!-- \/wp:heading --><\/p><p><!-- wp:paragraph --><\/p><p>Wir verarbeiten Ihre personenbezogenen Daten zu folgenden Zwecken:<\/p><p><!-- \/wp:paragraph --><\/p><p><!-- wp:list --><\/p><ul><li style=\"list-style-type: none;\"><ul><!-- wp:list-item --><\/ul><\/li><li>auf Ihren Wunsch hin zur Kontaktaufnahme und\/oder regelm\u00e4ssige Informierung \u00fcber unsere Aktivit\u00e4ten und Angebote (Newsletter);<\/li><li>Pr\u00e4sentation, Bereitstellung und Lieferung von Produkten und Dienstleistungen;<\/li><li>Marketing;<\/li><li>Bewerbungen;<\/li><li>Erbringung vertraglicher Leistungen;<\/li><li>Bedarfsanalyse zwecks direkter Kundenansprache und Kundenakquisition;<\/li><li>Video\u00fcberwachung zum Schutz der Infrastruktur und betroffenen Personen;<\/li><li>Prozessf\u00fchrung, Schiedsverfahren, Untersuchungen und andere Verfahren.<\/li><\/ul><p><!-- \/wp:list-item --><\/p><p><!-- wp:list-item --><\/p><p><!-- \/wp:list-item --><\/p><p><!-- wp:list-item --><\/p><p><!-- \/wp:list-item --><\/p><p><!-- wp:list-item --><\/p><p><!-- \/wp:list-item --><\/p><p><!-- \/wp:list --><\/p><p><!-- wp:paragraph --><\/p><p><!-- \/wp:paragraph --><\/p><p><!-- wp:heading {\"level\":5} --><\/p><h6>4 \u2013 Wem geben wir Ihre personenbezogenen Daten weiter?<\/h6><p><!-- \/wp:heading --><\/p><p><!-- wp:paragraph --><\/p><p>Sofern wir personenbezogene Daten anderen Unternehmen offenbaren, \u00fcbermitteln oder ihnen sonst den Zugriff gew\u00e4hren, erfolgt dies insbesondere aufgrund unserer berechtigten Interessen zur administrativen Vereinfachung.<\/p><p><!-- \/wp:paragraph --><\/p><p><!-- wp:paragraph --><\/p><p>Wir geben Ihre personenbezogenen Daten den folgenden Kategorien von Empf\u00e4ngern bekannt:\u00a0<\/p><p><!-- \/wp:paragraph --><\/p><p><!-- wp:list --><\/p><ul><li style=\"list-style-type: none;\"><ul><!-- wp:list-item --><\/ul><\/li><li>IT-Servicebetreiber<\/li><li>Unternehmen zur Bonit\u00e4tspr\u00fcfung\u00a0<\/li><li>Logistikpartnern<\/li><li>Subunternehmer<\/li><li>Dienstleistungsunternehmen<\/li><li>In- und ausl\u00e4ndische Beh\u00f6rden, Amtsstellen oder Gerichte<\/li><\/ul><p><!-- \/wp:list-item --><\/p><p><!-- wp:list-item --><\/p><p><!-- \/wp:list-item --><\/p><p><!-- wp:list-item --><\/p><p><!-- \/wp:list-item --><\/p><p><!-- wp:list-item --><\/p><p><!-- \/wp:list-item --><\/p><p><!-- wp:list-item --><\/p><p><!-- \/wp:list-item --><\/p><p><!-- wp:list-item --><\/p><p><!-- \/wp:list-item --><\/p><p><!-- \/wp:list --><\/p><p><!-- wp:paragraph --><\/p><p>Dabei halten wir selbstverst\u00e4ndlich die rechtlichen Vorschriften zur Weitergabe von personenbezogenen Daten an Dritte ein. Sofern wir Auftragsverarbeiter einsetzen, um unsere Leistungen bereitzustellen, ergreifen wir die notwendigen technischen und organisatorischen Massnahmen, um Ihr Privatleben zu sch\u00fctzen entsprechend den hierbei geltenden einschl\u00e4gigen anwendbaren Datenschutzbestimmungen.<\/p><p><!-- \/wp:paragraph --><\/p><p><!-- wp:heading --><\/p>\t\t\t\t\t\t\t\t<\/div>\n\t\t\t\t\t<\/div>\n\t\t\t\t<\/div>\n\t\t<div class=\"elementor-element elementor-element-f829cd8 e-flex e-con-boxed e-con e-parent\" data-id=\"f829cd8\" data-element_type=\"container\" data-e-type=\"container\">\n\t\t\t\t\t<div class=\"e-con-inner\">\n\t\t\t\t<div class=\"elementor-element elementor-element-479da1b elementor-widget elementor-widget-heading\" data-id=\"479da1b\" data-element_type=\"widget\" data-e-type=\"widget\" data-widget_type=\"heading.default\">\n\t\t\t\t\t<h2 class=\"elementor-heading-title elementor-size-default\">Unsere Datenschutzerkl\u00e4rung im Detail<\/h2>\t\t\t\t<\/div>\n\t\t\t\t<div class=\"elementor-element elementor-element-cc8316e elementor-widget elementor-widget-text-editor\" data-id=\"cc8316e\" data-element_type=\"widget\" data-e-type=\"widget\" data-widget_type=\"text-editor.default\">\n\t\t\t\t\t\t\t\t\t<h6>1 \u2013 KONTAKTE<\/h6><h6><!-- \/wp:heading --><\/h6><h6><!-- wp:paragraph --><\/h6><h6><!-- \/wp:paragraph --><\/h6><h6><!-- wp:heading {\"level\":6} --><\/h6><h6>1.1 \u2013 VERANTWORTLICHE<\/h6><p><!-- \/wp:heading --><\/p><p><!-- wp:paragraph --><\/p><p>Verantwortliche im Sinne der anwendbaren Datenschutzgesetze ist die:<\/p><p><!-- \/wp:paragraph --><\/p><p><!-- wp:paragraph --><\/p><p>Radio-Television Staeger AG Thalwil<br \/>Alte Landstrasse 160<br \/>8800 Thalwil<br \/>Schweiz<\/p><p><!-- \/wp:paragraph --><\/p><p><!-- wp:paragraph --><\/p><p>Telefon: 044 720 13 62<br \/>Email: thalwil@staegerag.ch<br \/><a href=\"https:\/\/www.staegerag.ch\" target=\"_blank\" rel=\"noreferrer noopener\" data-type=\"URL\" data-id=\"https:\/\/www.staegerag.ch\">Webseite<\/a><\/p><p><!-- \/wp:paragraph --><\/p><p><!-- wp:paragraph --><\/p><p><!-- \/wp:paragraph --><\/p><p><!-- wp:paragraph --><\/p><p>Radio-Television Staeger AG St\u00e4fa<br \/>Seestrasse 58<br \/>8712 St\u00e4fa<br \/>Schweiz<\/p><p><!-- \/wp:paragraph --><\/p><p><!-- wp:paragraph --><\/p><p>Telefon: 044 927 10 10<br \/>Email: staefa@staegerag.ch<br \/><a href=\"https:\/\/www.staegerag.ch\" target=\"_blank\" rel=\"noreferrer noopener\" data-type=\"URL\" data-id=\"https:\/\/www.staegerag.ch\">Webseite<\/a><\/p><p><!-- \/wp:paragraph --><\/p><p><!-- wp:paragraph --><\/p><p><!-- \/wp:paragraph --><\/p><p><!-- wp:heading {\"level\":6} --><\/p><h6>1.2 \u2013 BETRIEBLICHER DATENSCHUTZVERANTWORTLICHER<\/h6><p><!-- \/wp:heading --><\/p><p><!-- wp:paragraph --><\/p><p>Es wurde ein betrieblicher Datenschutzverantwortlicher bestimmt. Er kann unter folgender Email Adresse, <strong>info@staegerag.ch<\/strong>\u00a0kontaktiert werden.<\/p><p><!-- \/wp:paragraph --><\/p><p><!-- wp:paragraph --><\/p><p><!-- \/wp:paragraph --><\/p><p><!-- wp:heading {\"level\":5} --><\/p><h6>2 \u2013 Erhebung, Verarbeitung und Nutzung Ihrer Daten im Einzelnen<\/h6><p><!-- \/wp:heading --><\/p><p><!-- wp:paragraph --><\/p><p>Wenn Sie es noch genauer wissen m\u00f6chten, wie wir Ihre Daten verarbeiten, hoffen wir, Sie mit den nachfolgenden detaillierteren Informationen unterst\u00fctzen zu k\u00f6nnen:<\/p><p><!-- \/wp:paragraph --><\/p><p><!-- wp:paragraph --><\/p><p><!-- \/wp:paragraph --><\/p><p><!-- wp:heading {\"level\":6} --><\/p><h6>2.1 \u2013 BESUCH UNSERER WEBSEITE \/ SERVER-LOGFILES<\/h6><p><!-- \/wp:heading --><\/p><p><!-- wp:paragraph --><\/p><p>Wenn Sie unsere Webseite besuchen, speichern unsere Server vor\u00fcbergehend folgende Informationen in einer Protokolldatei, den sogenannten Server-Logfiles:\u00a0<\/p><p><!-- \/wp:paragraph --><\/p><p><!-- wp:list --><\/p><ul><li style=\"list-style-type: none;\"><ul><!-- wp:list-item --><\/ul><\/li><li>IP-Adresse des anfragenden Rechners<\/li><li>Datum und Zeitpunkt des Zugriffs\/Abrufs<\/li><li>Name und URL der abgerufenen Daten<\/li><li>Betriebssystem Ihres Rechners und des von Ihnen verwendeten Browsers<\/li><li>Land, von dem aus der Zugriff auf unsere Webseite erfolgt<\/li><li>Name Ihres Internetzugangsproviders<\/li><li>Zeitzonendifferenz zur Greenwich Mean Time (GMT)<\/li><li>Inhalt der Anforderung (konkrete Seite)<\/li><li>Zugriffsstatus\/HTTP-Statuscode<\/li><li>jeweils \u00fcbertragene Datenmenge<\/li><li>zuletzt besuchte Webseite<\/li><li>Browsereinstellungen<\/li><li>Sprache und Version der Browsersoftware<\/li><li>Aktivierte Browser-Plugins<\/li><\/ul><p><!-- \/wp:list-item --><\/p><p><!-- wp:list-item --><\/p><p><!-- \/wp:list-item --><\/p><p><!-- wp:list-item --><\/p><p><!-- \/wp:list-item --><\/p><p><!-- wp:list-item --><\/p><p><!-- \/wp:list-item --><\/p><p><!-- wp:list-item --><\/p><p><!-- \/wp:list-item --><\/p><p><!-- wp:list-item --><\/p><p><!-- \/wp:list-item --><\/p><p><!-- wp:list-item --><\/p><p><!-- \/wp:list-item --><\/p><p><!-- wp:list-item --><\/p><p><!-- \/wp:list-item --><\/p><p><!-- wp:list-item --><\/p><p><!-- \/wp:list-item --><\/p><p><!-- wp:list-item --><\/p><p><!-- \/wp:list-item --><\/p><p><!-- wp:list-item --><\/p><p><!-- \/wp:list-item --><\/p><p><!-- wp:list-item --><\/p><p><!-- \/wp:list-item --><\/p><p><!-- wp:list-item --><\/p><p><!-- \/wp:list-item --><\/p><p><!-- wp:list-item --><\/p><p><!-- \/wp:list-item --><\/p><p><!-- \/wp:list --><\/p><p><!-- wp:paragraph --><\/p><p>Die Verarbeitung dieser Daten erfolgt zum Zweck, die Nutzung unserer Webseite zu erm\u00f6glichen (Verbindungsaufbau), die Systemsicherheit und -stabilit\u00e4t dauerhaft zu gew\u00e4hrleisten, zur Optimierung unseres Angebotes sowie zu internen statistischen Zwecken und somit auf Grundlage unserer berechtigten Interessen. Eine Weitergabe dieser Daten an Dritte oder eine sonstige Auswertung findet nicht statt.<\/p><p><!-- \/wp:paragraph --><\/p><p><!-- wp:paragraph --><\/p><p>F\u00fcr die Verbesserung der Performance auf der Webseite werden die Daten einem Dienstleistungsunternehmen \u00fcbermittelt, welches die Daten zwischenspeichert.<\/p><p><!-- \/wp:paragraph --><\/p><p><!-- wp:paragraph --><\/p><p>Die Daten werden gel\u00f6scht, sobald sie f\u00fcr die Erreichung des Zweckes ihrer Erhebung nicht mehr erforderlich sind. Im Falle der Erfassung Ihrer Daten zur Bereitstellung der Webseite ist dies der Fall, wenn die jeweilige Sitzung beendet ist.<\/p><p><!-- \/wp:paragraph --><\/p><p><!-- wp:paragraph --><\/p><p><!-- \/wp:paragraph --><\/p><p><!-- wp:heading {\"level\":6} --><\/p><h6>2.2 \u2013 NEWSLETTER<\/h6><p><!-- \/wp:heading --><\/p><p><!-- wp:paragraph --><\/p><p>Sie haben auf unserer Webseite die M\u00f6glichkeit, Newsletter zu abonnieren. Damit informieren wir Sie \u00fcber uns und unsere Angebote.<\/p><p><!-- \/wp:paragraph --><\/p><p><!-- wp:paragraph --><\/p><p>Wenn Sie Newsletter abonnieren, sind die mit * gekennzeichneten Angaben Pflichtfelder. Die weiteren Angaben sind freiwillig:\u00a0<\/p><p><!-- \/wp:paragraph --><\/p><p><!-- wp:list --><\/p><ul><li style=\"list-style-type: none;\"><ul><!-- wp:list-item --><\/ul><\/li><li>Anrede<\/li><li>Name<\/li><li>E-Mail-Adresse*<\/li><\/ul><p><!-- \/wp:list-item --><\/p><p><!-- wp:list-item --><\/p><p><!-- \/wp:list-item --><\/p><p><!-- wp:list-item --><\/p><p><!-- \/wp:list-item --><\/p><p><!-- \/wp:list --><\/p><p><!-- wp:paragraph --><\/p><p>Die Pflichtangaben sind erforderlich, um Ihnen die Newsletter zu senden. Die Angabe weiterer personenbezogener Daten ist freiwillig und wird verwendet, um Sie pers\u00f6nlich ansprechen zu k\u00f6nnen.\u00a0<\/p><p><!-- \/wp:paragraph --><\/p><p><!-- wp:paragraph --><\/p><p>Der Versand der Newsletter und die mit ihnen verbundene Erfolgsmessung erfolgen auf Grundlage Ihrer Einwilligung oder falls eine Einwilligung nicht erforderlich ist, auf Grundlage unserer berechtigten Interessen am Direktmarketing oder Optimierung unseres Angebots.<\/p><p><!-- \/wp:paragraph --><\/p><p><!-- wp:paragraph --><\/p><p>Dar\u00fcber hinaus speichern wir jeweils Ihre eingesetzten IP-Adresse und Zeitpunkte der Anmeldung und Best\u00e4tigung. Zweck des Verfahrens ist, Ihre Anmeldung nachweisen und ggf. einen m\u00f6glichen Missbrauch Ihrer pers\u00f6nlichen Daten aufkl\u00e4ren zu k\u00f6nnen.\u00a0<\/p><p><!-- \/wp:paragraph --><\/p><p><!-- wp:paragraph --><\/p><p>Sie haben jederzeit die M\u00f6glichkeit, sich vom Newsletter abzumelden und die von Ihnen erteilte Einwilligung zu widerrufen.<\/p><p><!-- \/wp:paragraph --><\/p><p><!-- wp:paragraph --><\/p><p><!-- \/wp:paragraph --><\/p><p><!-- wp:heading {\"level\":6} --><\/p><h6>2.3 \u2013 KONTAKTAUFNAHME<\/h6><p><!-- \/wp:heading --><\/p><p><!-- wp:paragraph --><\/p><p>Bei der Kontaktaufnahme mit uns (zum Beispiel per Kontaktformular, E-Mail, Telefon oder via sozialer Medien) werden ihre Kontaktdaten und die von Ihnen gemachten Angaben zur Konversation mit Ihnen zum Zwecke der Bearbeitung Ihrer Anfrage und deren Abwicklung verarbeitet.<\/p><p><!-- \/wp:paragraph --><\/p><p><!-- wp:paragraph --><\/p><p>Folgende mit * gekennzeichneten Angaben sind Pflichtfelder bei der Nutzung des Kontaktformulars. Die weiteren Angaben sind freiwillig:<\/p><p><!-- \/wp:paragraph --><\/p><p><!-- wp:list --><\/p><ul><li style=\"list-style-type: none;\"><ul><!-- wp:list-item --><\/ul><\/li><li>Anfrage*<\/li><li>Anrede*<\/li><li>Vorname*<\/li><li>Name*<\/li><li>Firma<\/li><li>Adresse*<\/li><li>PLZ*<\/li><li>Ort*<\/li><li>Kanton<\/li><li>E-Mail-Adresse*<\/li><li>Telefon<\/li><\/ul><p><!-- \/wp:list-item --><\/p><p><!-- wp:list-item --><\/p><p><!-- \/wp:list-item --><\/p><p><!-- \/wp:list --><\/p><p><!-- wp:paragraph --><\/p><p>Die Pflichtangaben sind erforderlich, um Ihre Anfrage zu bearbeiten. Die freiwilligen Angaben weiterer Daten erleichtert uns die Bearbeitung Ihrer Anfrage und erm\u00f6glicht uns, Ihnen genauere Ausk\u00fcnfte zu erteilen.\u00a0<\/p><p><!-- \/wp:paragraph --><\/p><p><!-- wp:paragraph --><\/p><p>Ihre Daten werden ausschliesslich f\u00fcr die Verarbeitung der Konversation oder der Anfrage verwendet.\u00a0<\/p><p><!-- \/wp:paragraph --><\/p><p><!-- wp:paragraph --><\/p><p>Ihre personenbezogenen Daten werden in der Regel gel\u00f6scht, sobald die von Ihnen gestellte Anfrage erledigt ist. Dies ist dann der Fall, wenn sich aus den Umst\u00e4nden entnehmen l\u00e4sst, dass der betroffene Sachverhalt abschliessend gekl\u00e4rt ist, der L\u00f6schung keine gesetzlichen Aufbewahrungsfristen entgegenstehen und wir mit Ihnen nicht in einem vertraglichen oder vorvertraglichen Verh\u00e4ltnis stehen.<\/p><p><!-- \/wp:paragraph --><\/p><p><!-- wp:paragraph --><\/p><p><!-- \/wp:paragraph --><\/p><p><!-- wp:heading {\"level\":6} --><\/p><h6>2.4 \u2013 TERMINVEREINBARUNG<\/h6><p><!-- \/wp:heading --><\/p><p><!-- wp:paragraph --><\/p><p>Bei der Vereinbarung eines Termins mit uns (zum Beispiel per Onlineformular, E-Mail, oder Telefon) werden die von Ihnen gemachten Angaben zum Zwecke der Bearbeitung Ihrer Terminanfrage und der Abwicklung des vereinbarten Termins verarbeitet.<\/p><p><!-- \/wp:paragraph --><\/p><p><!-- wp:paragraph --><\/p><p>Folgende mit * gekennzeichneten Angaben sind Pflichtfelder und werden durch die Nutzung des Kontaktformulars erhoben. Die weiteren Angaben sind freiwillig:<\/p><p><!-- \/wp:paragraph --><\/p><p><!-- wp:paragraph --><\/p><p><strong>Termin:<\/strong><\/p><p><!-- \/wp:paragraph --><\/p><p><!-- wp:list --><\/p><ul><li style=\"list-style-type: none;\"><ul><!-- wp:list-item --><\/ul><\/li><li>Datum*<\/li><li>Zeit*<\/li><\/ul><p><!-- \/wp:list-item --><\/p><p><!-- wp:list-item --><\/p><p><!-- \/wp:list-item --><\/p><p><!-- \/wp:list --><\/p><p><!-- wp:paragraph --><\/p><p><strong>Ihre Angaben:<\/strong><\/p><p><!-- \/wp:paragraph --><\/p><p><!-- wp:list --><\/p><ul><li style=\"list-style-type: none;\"><ul><!-- wp:list-item --><\/ul><\/li><li>Anrede<\/li><li>Vorname*<\/li><li>Name*<\/li><li>Strasse*<\/li><li>PLZ*<\/li><li>Ort*<\/li><li>E-Mail*<\/li><li>Telefon*<\/li><li>Nachricht<\/li><\/ul><p><!-- \/wp:list-item --><\/p><p><!-- wp:list-item --><\/p><p><!-- \/wp:list-item --><\/p><p><!-- wp:list-item --><\/p><p><!-- \/wp:list-item --><\/p><p><!-- wp:list-item --><\/p><p><!-- \/wp:list-item --><\/p><p><!-- wp:list-item --><\/p><p><!-- \/wp:list-item --><\/p><p><!-- wp:list-item --><\/p><p><!-- \/wp:list-item --><\/p><p><!-- wp:list-item --><\/p><p><!-- \/wp:list-item --><\/p><p><!-- wp:list-item --><\/p><p><!-- \/wp:list-item --><\/p><p><!-- wp:list-item --><\/p><p><!-- \/wp:list-item --><\/p><p><!-- \/wp:list --><\/p><p><!-- wp:paragraph --><\/p><p>Die Pflichtangaben sind erforderlich, um mit Ihnen einen Termin zu vereinbaren. Die freiwillige Angabe weiterer Daten erleichtert uns die Bearbeitung Ihrer Anfrage und erm\u00f6glicht uns, Ihnen genauere Ausk\u00fcnfte zu erteilen.<\/p><p><!-- \/wp:paragraph --><\/p><p><!-- wp:paragraph --><\/p><p>Grundlage f\u00fcr die Verarbeitung von Terminanfragen ist unser berechtigtes Interesse an der Bearbeitung Ihrer Anfrage. Unser berechtigtes Interesse an der Verarbeitung besteht darin, mit Ihnen auf schnellem Wege einen Termin zu vereinbaren. Sollten wir Ihre Daten zur Erf\u00fcllung eines Vertrages, dessen Vertragspartei Sie sind oder zur Durchf\u00fchrung vorvertraglicher Massnahmen verarbeiten, so ist dies eine zus\u00e4tzliche Grundlage f\u00fcr die Verarbeitung.<\/p><p><!-- \/wp:paragraph --><\/p><p><!-- wp:paragraph --><\/p><p>Sie k\u00f6nnen dieser Datenverarbeitung jederzeit widersprechen. Senden Sie Ihren Widerspruch bitte auf\u00a0<strong>thalwil@staegerag.ch.<\/strong><\/p><p><!-- \/wp:paragraph --><\/p><p><!-- wp:paragraph --><\/p><p>Ihre Daten werden gel\u00f6scht, wenn sie zur Erf\u00fcllung unserer vertraglichen und gesetzlichen Pflichten oder sonst f\u00fcr die mit der Verarbeitung verfolgten Zwecke nicht mehr erforderlich sind.<\/p><p><!-- \/wp:paragraph --><\/p><p><!-- wp:paragraph --><\/p><p><!-- \/wp:paragraph --><\/p><p><!-- wp:heading {\"level\":6} --><\/p><h6>2.5 \u2013 ONLINEKAUF<\/h6><p><!-- \/wp:heading --><\/p><p><!-- wp:paragraph --><\/p><p>Wenn Sie in unserem Onlineshop bestellen m\u00f6chte, sind die mit einem * gekennzeichneten Angaben zwingend erforderlich. Die weiteren Angaben sind freiwillig:\u00a0<\/p><p><!-- \/wp:paragraph --><\/p><p><!-- wp:list --><\/p><ul><li style=\"list-style-type: none;\"><ul><!-- wp:list-item --><\/ul><\/li><li>Vorname*<\/li><li>Name*<\/li><li>Adresse*<\/li><li>E-Mail-Adresse*<\/li><li>Telefonnummer*<\/li><li>Passwort* (bei Er\u00f6ffnung eines Kundenkonto\u2019s)<\/li><\/ul><p><!-- \/wp:list-item --><\/p><p><!-- wp:list-item --><\/p><p><!-- \/wp:list-item --><\/p><p><!-- wp:list-item --><\/p><p><!-- \/wp:list-item --><\/p><p><!-- wp:list-item --><\/p><p><!-- \/wp:list-item --><\/p><p><!-- wp:list-item --><\/p><p><!-- \/wp:list-item --><\/p><p><!-- wp:list-item --><\/p><p><!-- \/wp:list-item --><\/p><p><!-- \/wp:list --><\/p><p><!-- wp:paragraph --><\/p><p>Sie haben die Wahl, ob Sie Ihre f\u00fcr die Bestellung notwendigen Daten nur einmalig f\u00fcr diese Bestellung angeben oder ob Sie ein Kundenkonto anlegen m\u00f6chten, bei dem Ihre personenbezogenen Daten f\u00fcr sp\u00e4tere Eink\u00e4ufe gespeichert werden.\u00a0<\/p><p><!-- \/wp:paragraph --><\/p><p><!-- wp:paragraph --><\/p><p>Das Kundenkonto enth\u00e4lt insbesondere folgende Daten:<\/p><p><!-- \/wp:paragraph --><\/p><p><!-- wp:list --><\/p><ul><li style=\"list-style-type: none;\"><ul><!-- wp:list-item --><\/ul><\/li><li>Ihre oben genannten Kundendaten;<\/li><li>\u00dcbersicht Ihrer abgeschlossenen und laufenden Bestellungen mit Angaben zu Bestellnummer, Marke, Artikelbezeichnung, Bestelldatum, Liefertermin, Lieferstatus;<\/li><li>Ihre letzten Login-Daten mit Datum, Tag und Uhrzeit werden angezeigt;<\/li><li>Kosten Ihrer Bestellung, Rechnungsadresse, Lieferadresse, Verlauf der Bestellung, Infos zu Terminierung und Status, etc.<\/li><\/ul><p><!-- \/wp:list-item --><\/p><p><!-- wp:list-item --><\/p><p><!-- \/wp:list-item --><\/p><p><!-- wp:list-item --><\/p><p><!-- \/wp:list-item --><\/p><p><!-- wp:list-item --><\/p><p><!-- \/wp:list-item --><\/p><p><!-- \/wp:list --><\/p><p><!-- wp:paragraph --><\/p><p>Diese Angaben verarbeiten wir, um die Bestellungen abzuwickeln und ihnen andere Dienstleistungen in diesem Zusammenhang zu erbringen. Grundlage hierf\u00fcr ist die Erf\u00fcllung des Vertrages mit Ihnen.\u00a0<\/p><p><!-- \/wp:paragraph --><\/p><p><!-- wp:paragraph --><\/p><p>Wenn Sie kein Kundenkonto anlegen, speichern wir Ihre Daten zum Zweck der Abwicklung der Bestellung und l\u00f6schen diese grunds\u00e4tzlich, sobald wir zur Speicherung nicht mehr rechtlich verpflichtet sind. Wir sind verpflichtet, Ihre Adress-, Zahlungs- und Bestelldaten f\u00fcr die Dauer von mindestens zehn Jahren zu speichern.<\/p><p><!-- \/wp:paragraph --><\/p><p><!-- wp:paragraph --><\/p><p>Wir k\u00f6nnen die von Ihnen angegebenen Daten zudem verarbeiten, um Sie \u00fcber weitere interessante Produkte aus unserem Portfolio zu informieren oder Ihnen E-Mails mit technischen Informationen zukommen lassen.\u00a0<\/p><p><!-- \/wp:paragraph --><\/p><p><!-- wp:paragraph --><\/p><p>Im Rahmen der Bestellabwicklung erhalten die von uns eingesetzten Dienstleister (wie beispielsweise die Post, Logistiker sowie Zahlungsdienstleister) die notwendigen Daten zur Bestell- und Auftragsabwicklung. Die Bearbeitung von Personen- und Zahlungsdaten erfolgt in diesem Fall direkt \u00fcber den Anbieter des jeweiligen Zahlungssystems. Wir kennen und speichern Ihre Zahlungsdaten in diesem Fall nicht. Es gelten jeweils zus\u00e4tzlich die Datenschutzbestimmungen des jeweiligen Anbieters des Online-Systems. Die Verantwortung f\u00fcr Ihre Zahlungsdaten tr\u00e4gt der von Ihnen jeweils ausgew\u00e4hlte Zahlungsdienstleister.<\/p><p><!-- \/wp:paragraph --><\/p><p><!-- wp:paragraph --><\/p><p>Wenn Sie ihr Kundenkonto aufl\u00f6sen m\u00f6chten, werden die dazugeh\u00f6rigen Daten, vorbeh\u00e4ltlich rechtlicher Aufbewahrungspflichten, gel\u00f6scht. Es obliegt Ihnen, Ihre Daten bei erfolgter K\u00fcndigung vor dem Vertragsende zu sichern. Wir sind berechtigt, s\u00e4mtliche w\u00e4hrend der Vertragsdauer gespeicherten Daten unwiederbringlich zu l\u00f6schen.<\/p><p><!-- \/wp:paragraph --><\/p><p><!-- wp:paragraph --><\/p><p>Wir speichern keine Kreditkarteninformationen auf unserer Webseite.<br \/>Wenn Sie eine Zahlung leisten m\u00f6chten, leiten wir Sie auf eine externe Webseite eines Anbieters von einem Zahlungssystem weiter, welche die Daten in Zusammenhang mit Ihren Zahlungsmitteln speichert. Dabei gelten die Datenschutzbestimmungen von der dem Anbieter des Zahlungssystems..<\/p><p><!-- \/wp:paragraph --><\/p><p><!-- wp:paragraph --><\/p><p><!-- \/wp:paragraph --><\/p><p><!-- wp:heading {\"level\":6} --><\/p><h6>2.6 \u2013 DOWNLOADS<\/h6><p><!-- \/wp:heading --><\/p><p><!-- wp:paragraph --><\/p><p>Wir verlangen von Ihnen f\u00fcr das Herunterladen keine Angabe von personenbezogenen Daten.<\/p><p><!-- \/wp:paragraph --><\/p><p><!-- wp:paragraph --><\/p><p><!-- \/wp:paragraph --><\/p><p><!-- wp:heading {\"level\":6} --><\/p><h6>2.7 \u2013 ONLINE &#8211; BEWERBUNGEN<\/h6><p><!-- \/wp:heading --><\/p><p><!-- wp:paragraph --><\/p><p>Wenn Sie sich auf eine Stelle bei uns bewerben, werden die im Rahmen des Bewerbungsverfahrens von Ihnen zur Verf\u00fcgung gestellten Daten verarbeitet, um zu pr\u00fcfen, ob wir ein Arbeitsverh\u00e4ltnis mit Ihnen begr\u00fcnden m\u00f6chten. Die Verarbeitung kann auch auf elektronischem Wege erfolgen. Dies ist insbesondere dann der Fall, wenn ein Bewerber entsprechende Bewerbungsunterlagen auf dem elektronischen Wege, beispielsweise per E-Mail oder \u00fcber ein auf der Webseite befindliches Onlineformular, an uns \u00fcbermittelt.<\/p><p><!-- \/wp:paragraph --><\/p><p><!-- wp:paragraph --><\/p><p>Die mit einem * gekennzeichneten Angaben sind zwingend erforderlich und werden durch die Nutzung des Onlineformulars erhoben:<\/p><p><!-- \/wp:paragraph --><\/p><p><!-- wp:list --><\/p><ul><li style=\"list-style-type: none;\"><ul><!-- wp:list-item --><\/ul><\/li><li>Anrede<\/li><li>Titel<\/li><li>Vorname*<\/li><li>Nachname*<\/li><li>Strasse, Hausnr.*<\/li><li>PLZ, Ort*<\/li><li>Land*<\/li><li>Geburtsdatum\u00a0<\/li><li>E-Mail-Adresse*<\/li><li>Telefon*<\/li><li>Bewerbungsunterlagen (Anschreiben, Lebenslauf, Zeugnisse, Bescheinigungen, Nachweise etc.) *<\/li><\/ul><p><!-- \/wp:list-item --><\/p><p><!-- wp:list-item --><\/p><p><!-- \/wp:list-item --><\/p><p><!-- wp:list-item --><\/p><p><!-- \/wp:list-item --><\/p><p><!-- wp:list-item --><\/p><p><!-- \/wp:list-item --><\/p><p><!-- wp:list-item --><\/p><p><!-- \/wp:list-item --><\/p><p><!-- wp:list-item --><\/p><p><!-- \/wp:list-item --><\/p><p><!-- wp:list-item --><\/p><p><!-- \/wp:list-item --><\/p><p><!-- wp:list-item --><\/p><p><!-- \/wp:list-item --><\/p><p><!-- wp:list-item --><\/p><p><!-- \/wp:list-item --><\/p><p><!-- wp:list-item --><\/p><p><!-- \/wp:list-item --><\/p><p><!-- wp:list-item --><\/p><p><!-- \/wp:list-item --><\/p><p><!-- \/wp:list --><\/p><p><!-- wp:paragraph --><\/p><p>Die Angabe Ihrer als Pflichtfelder gekennzeichneten Bewerberdaten sind erforderlich, um Ihnen die Bewerbung zuzuordnen, mit Ihnen hinsichtlich Ihrer Bewerbung Kontakt aufzunehmen und um die Erfolgsaussichten Ihrer Bewerbung zu pr\u00fcfen.\u00a0<\/p><p><!-- \/wp:paragraph --><\/p><p><!-- wp:paragraph --><\/p><p>Diese Daten werden ausschliesslich im Rahmen Ihrer Bewerbung gespeichert, ausgewertet, verarbeitet oder intern weitergeleitet. Daneben k\u00f6nnen sie f\u00fcr statistische Zwecke (z.B. Reporting) verarbeitet werden. In diesem Fall sind keine R\u00fcckschl\u00fcsse auf einzelne Personen m\u00f6glich.<\/p><p><!-- \/wp:paragraph --><\/p><p><!-- wp:paragraph --><\/p><p>Grundlage f\u00fcr die Verarbeitung der Bewerbungsdaten ist unser berechtigtes Interesse an der Durchf\u00fchrung des Bewerbungsverfahrens. Sollten wir Ihre Daten zur Erf\u00fcllung eines Vertrages, dessen Vertragspartei Sie sind oder zur Durchf\u00fchrung vorvertraglicher Massnahmen verarbeiten, so ist dies eine zus\u00e4tzliche Grundlage f\u00fcr die Verarbeitung.<\/p><p><!-- \/wp:paragraph --><\/p><p><!-- wp:paragraph --><\/p><p>Im Fall einer Anstellung werden die \u00fcbermittelten Daten zum Zwecke der Abwicklung des Arbeitsverh\u00e4ltnisses unter Beachtung der gesetzlichen Vorschriften gespeichert. Sofern das Bewerbungsverfahren ohne Anstellung endet, werden Ihre Daten grunds\u00e4tzlich nur bis zum Entscheidungszeitpunkt \u00fcber die Anstellung verarbeitet. Danach werden die Daten unverz\u00fcglich 6 Monate nach der Absendung der Absage bzw. R\u00fcckgabe der Bewerbungsunterlagen an den Bewerber gel\u00f6scht. Eine Speicherung Ihrer Daten in einem Bewerberpool erfolgt nur dann, wenn Sie uns daf\u00fcr ausdr\u00fccklich eine Einwilligung erteilen.\u00a0<\/p><p><!-- \/wp:paragraph --><\/p><p><!-- wp:paragraph --><\/p><p>Unbesehen des Vorstehenden, haben Sie jederzeit die M\u00f6glichkeit, der Datenverarbeitung zu widersprechen und Ihre elektronischen Daten l\u00f6schen zu lassen. Senden Sie Ihren Widerspruch bitte auf\u00a0<strong>thalwil@staegerag.ch<\/strong>\u00a0oder an die bei der Stellenausschreibung angegebene E-Mail-Adresse.<\/p><p><!-- \/wp:paragraph --><\/p><p><!-- wp:paragraph --><\/p><p><!-- \/wp:paragraph --><\/p><p><!-- wp:heading {\"level\":6} --><\/p><h6>2.8 \u2013 FINANZIERUNGSANFRAGE<\/h6><p><!-- \/wp:heading --><\/p><p><!-- wp:paragraph --><\/p><p>Sofern Sie sich f\u00fcr ein Produkt interessieren, besteht die M\u00f6glichkeit, eine Finanzierungsanfrage zu stellen.<\/p><p><!-- \/wp:paragraph --><\/p><p><!-- wp:paragraph --><\/p><p>Folgende Daten erheben wird daf\u00fcr:<\/p><p><!-- \/wp:paragraph --><\/p><p><!-- wp:paragraph --><\/p><p><strong>Berechnung der Finanzierungsrate:<\/strong><\/p><p><!-- \/wp:paragraph --><\/p><p><!-- wp:list --><\/p><ul><li style=\"list-style-type: none;\"><ul><!-- wp:list-item --><\/ul><\/li><li>Laufzeit<\/li><li>H\u00f6he der Anzahlung\u00a0<\/li><li><strong>Ihre Angaben:<\/strong><\/li><li>Anrede<\/li><li>Vornamen*<\/li><li>Name*<\/li><li>Strasse*<\/li><li>PLZ*<\/li><li>Ort*<\/li><li>E-Mail*<\/li><li>Telefon<\/li><li>Nachricht<\/li><\/ul><p><!-- \/wp:list-item --><\/p><p><!-- \/wp:list --><\/p><p><!-- wp:paragraph --><\/p><p>Die Daten, welche f\u00fcr Finanzierungsanfrage verarbeitet werden, werden ausschliesslich zu diesem Zweck verarbeitet.<\/p><p><!-- \/wp:paragraph --><\/p><p><!-- wp:paragraph --><\/p><p>Die Daten werden gel\u00f6scht oder anonymisiert, sobald sie f\u00fcr die Erreichung des Zweckes ihrer Erhebung nicht mehr erforderlich sind. F\u00fcr die Daten aus der Finanzierungsanfrage ist dies dann der Fall, wenn die Anfrage vollst\u00e4ndig beantwortet ist und keine andere gesetzlich anerkannte Rechtsgrundlage (insbesondere gesetzlichen Bereithaltungs- oder Archivierungspflichten) eine weitere Verarbeitung gestattet.<\/p><p><!-- \/wp:paragraph --><\/p><p><!-- wp:paragraph --><\/p><p><!-- \/wp:paragraph --><\/p><p><!-- wp:heading {\"level\":6} --><\/p><h6>2.9 \u2013 ERBRINGUNG VERTRAGLICHER LEISTUNGEN<\/h6><p><!-- \/wp:heading --><\/p><p><!-- wp:paragraph --><\/p><p>Wir verarbeiten Ihre Daten zudem im jeweils erforderlichen Umfang zur Erf\u00fcllung unserer vertraglichen und vorvertraglichen Verpflichtungen sowie f\u00fcr die Durchf\u00fchrung weiterer von Ihnen angefragten Dienstleistungen. Zudem werden wir Ihre Daten nutzen, um sie nach Ihrer Zufriedenheit mit der vertraglich erbrachten Leistung zu fragen.<\/p><p><!-- \/wp:paragraph --><\/p><p><!-- wp:paragraph --><\/p><p>Die hierbei verarbeiteten Daten, die Art, der Umfang und der Zweck der jeweils erforderlichen Verarbeitung bestimmen sich daher nach dem jeweils mit Ihnen vereinbarten Vertrag oder von Ihnen angefragten Dienstleistung.<\/p><p><!-- \/wp:paragraph --><\/p><p><!-- wp:paragraph --><\/p><p>Zu den verarbeiteten Daten geh\u00f6ren insbesondere die Stammdaten (z.B. Name, Adresse, etc.), die Kontaktdaten (z.B. E-Mail-Adresse, Telefonnummer, etc.) die Vertragsdaten (z.B. in Anspruch genommene Leistungen, Vertragsgegenstand, vertragliche Kommunikation, Namen von Kontaktpersonen) und die Zahlungsdaten (z.B. Bankverbindung, Zahlungshistorie, etc.).<\/p><p><!-- \/wp:paragraph --><\/p><p><!-- wp:paragraph --><\/p><p>Die L\u00f6schung der Daten erfolgt, wenn die Daten zur Erf\u00fcllung vertraglicher oder gesetzlicher F\u00fcrsorgepflichten sowie f\u00fcr den Umgang mit etwaigen Gew\u00e4hrleistungs- und vergleichbaren Pflichten nicht mehr erforderlich sind.<\/p><p><!-- \/wp:paragraph --><\/p><p><!-- wp:paragraph --><\/p><p><!-- \/wp:paragraph --><\/p><p><!-- wp:heading {\"level\":5} --><\/p><h6>3 \u2013 Cookies<\/h6><p><!-- \/wp:heading --><\/p><p><!-- wp:paragraph --><\/p><p>Unsere Webseite verwendet Cookies. Cookies sind Textdateien, die auf Ihrem Endger\u00e4t abgelegt und gespeichert werden. Cookies werden von uns eingesetzt, um Sie beim n\u00e4chsten Besuch auf unserer Webseite automatisch wiederzuerkennen. Cookies dienen dazu, unsere Webseite nutzerfreundlicher, effektiver und sicherer zu gestalten und Ihnen den Besuch auf unserer Webseite so angenehm wie m\u00f6glich zu machen. Ferner dienen bestimmte Cookies der Analyse der Benutzung unserer Webseite.<\/p><p><!-- \/wp:paragraph --><\/p><p><!-- wp:paragraph --><\/p><p><strong>Tempor\u00e4re Cookies<\/strong><br \/>Wir verwenden tempor\u00e4re Cookies. Diese werden automatisiert gel\u00f6scht, wenn Sie sich ausloggen oder den Browser schliessen. Dazu z\u00e4hlen insbesondere die Session-Cookies. Diese speichern eine sogenannte Session-ID, mit welcher sich verschiedene Anfragen Ihres Browsers der Websitzung zuordnen lassen. Dadurch kann Ihr Rechner wiedererkannt werden, wenn Sie auf die Webseite zur\u00fcckkehren.\u00a0<\/p><p><!-- \/wp:paragraph --><\/p><p><!-- wp:paragraph --><\/p><p><strong>Persistent\/Dauerhafte Cookies<\/strong><br \/>Dar\u00fcber hinaus verwenden wir persistent Cookies, die \u00fcber den jeweiligen Nutzungsvorgang hinaus auf Ihrem Computer eingesetzt werden. Bei einem weiteren Besuch wird dann automatisch erkannt, dass Sie bereits bei uns waren und welche Eingaben und Einstellungen Sie bevorzugen. Diese Cookies werden auf Ihrer Festplatte gespeichert und l\u00f6schen sich nach der vorgegebenen Zeit von allein. Dank dieser Dateien ist es beispielsweise m\u00f6glich, dass Sie speziell auf Ihre Interessen abgestimmte Informationen auf der Seite angezeigt bekommen.\u00a0<\/p><p><!-- \/wp:paragraph --><\/p><p><!-- wp:paragraph --><\/p><p><strong>Nicht personenbezogene Cookies<\/strong><br \/>Nicht personenbezogene Cookies \u00fcbermitteln keine personenbezogenen Daten an uns. So zum Beispiel Statistik-Cookies. Sie helfen uns zu verstehen, wie Besucher mit der Webseite interagieren, indem Informationen anonym gesammelt und gemeldet werden.<\/p><p><!-- \/wp:paragraph --><\/p><p><!-- wp:paragraph --><\/p><p><strong>Pr\u00e4ferenz-Cookies<\/strong><br \/>Pr\u00e4ferenz-Cookies erm\u00f6glichen einer Webseite, sich an Informationen zu erinnern, die die Art beeinflussen, wie sich eine Webseite verh\u00e4lt oder aussieht, wie z. B. Ihre bevorzugte Sprache oder die Region, in der Sie sich befinden.<\/p><p><!-- \/wp:paragraph --><\/p><p><!-- wp:paragraph --><\/p><p><strong>Sicherheits-Cookies<\/strong><br \/>Sicherheits-Cookies nutzen wir, um Sicherheitsrisiken zu ermitteln und\u2002zu vermeiden. Zum Beispiel k\u00f6nnen wir diese Cookies nutzen, um Informationen \u00fcber Ihre Websitzung zu speichern. Dadurch k\u00f6nnen wir andere daran hindern, Ihr Passwort ohne Ihren Nutzernamen und Ihr Passwort zu \u00e4ndern.<\/p><p><!-- \/wp:paragraph --><\/p><p><!-- wp:paragraph --><\/p><p><strong>Performance Cookies<\/strong><br \/>Performance-Cookies nutzen wir, um Informationen dar\u00fcber zu sammeln, wie Sie unsere Services nutzen. Das hilft uns, unsere Services zu verbessern. Wir k\u00f6nnen diese Cookies zum Beispiel verwenden, um festzustellen, ob Sie eine bestimmte Seite aufgerufen haben.<\/p><p><!-- \/wp:paragraph --><\/p><p><!-- wp:paragraph --><\/p><p><strong>Cookies von Drittanbietern<\/strong><br \/>Ferner bedienen wir uns Funktionen einiger Webanalysedienste, die uns dabei helfen, unser Internetangebot und die Webseite f\u00fcr Sie interessanter zu gestalten. Daher werden bei Ihrem Besuch unserer Webseite auch Cookies von Partnerunternehmen auf Ihrer Festplatte gespeichert. Weitere Informationen zur Verwendung von Cookies von Drittanbietern erhalten Sie im Abschnitt 13 \u00abAnalyse-Tools\u00bb.<\/p><p><!-- \/wp:paragraph --><\/p><p><!-- wp:paragraph --><\/p><p>Auf welcher Grundlage wir Ihre personenbezogenen Daten mit Hilfe von Cookies verarbeiten, h\u00e4ngt davon ab, ob wir Sie um eine Einwilligung bitten. Falls wir Sie um Einwilligung bitten und Sie in die Nutzung von Cookies einwilligen, ist die Grundlage der Verarbeitung Ihrer personenbezogenen Daten Ihre Einwilligung. Falls wir keine Einwilligung von Ihnen einholen, verarbeiten wir die mithilfe von Cookies verarbeiteten personenbezogenen Daten auf Grundlage unserer berechtigten Interessen oder, wenn der Einsatz von Cookies erforderlich ist, um unsere vertraglichen Verpflichtungen zu erf\u00fcllen auf Grundlage dieses Vertrages.<\/p><p><!-- \/wp:paragraph --><\/p><p><!-- wp:paragraph --><\/p><p>Abh\u00e4ngig davon, ob die Verarbeitung auf Grundlage einer Einwilligung oder gesetzlichen Erlaubnis erfolgt, haben Sie jederzeit die M\u00f6glichkeit, eine erteilte Einwilligung zu widerrufen oder der Verarbeitung Ihrer personenbezogenen Daten durch Cookies zu widersprechen. Sie k\u00f6nnen Ihren Widerspruch zun\u00e4chst mittels der Einstellungen Ihres Browsers erkl\u00e4ren, z.B. indem Sie die Nutzung von Cookies deaktivieren. Hiermit kann allerdings auch die Funktionsf\u00e4higkeit unseres Onlineangebotes eingeschr\u00e4nkt werden.<\/p><p><!-- \/wp:paragraph --><\/p><p><!-- wp:paragraph --><\/p><p>\u00dcber die folgenden Links k\u00f6nnen Sie sich \u00fcber diese M\u00f6glichkeit f\u00fcr die am meisten verwendeten Browser informieren:<\/p><p><!-- \/wp:paragraph --><\/p><p><!-- wp:list --><\/p><ul><li style=\"list-style-type: none;\"><ul><!-- wp:list-item --><\/ul><\/li><li>Explorer:\u00a0<a href=\"https:\/\/support.microsoft.com\/de-ch\/help\/17442\/windows-internet-explorer-delete-manage-cookies\" target=\"_blank\" rel=\"noreferrer noopener\">https:\/\/support.microsoft.com\/de-ch\/help\/17442\/windows-internet-explorer-delete-manage-cookies<\/a><\/li><li>Firefox:\u00a0<a href=\"https:\/\/support.mozilla.org\/de\/kb\/cookies-erlauben-und-ablehnen\" target=\"_blank\" rel=\"noreferrer noopener\">https:\/\/support.mozilla.org\/de\/kb\/cookies-erlauben-und-ablehnen<\/a><\/li><li>Google Chrome:\u00a0<a href=\"https:\/\/support.google.com\/chrome\/answer\/95647?hl=de\" target=\"_blank\" rel=\"noreferrer noopener\">https:\/\/support.google.com\/chrome\/answer\/95647?hl=de<\/a><\/li><li>Safari:\u00a0<a href=\"https:\/\/support.apple.com\/kb\/PH17191?locale=de_CH\" target=\"_blank\" rel=\"noreferrer noopener\">https:\/\/support.apple.com\/kb\/PH17191?locale=de_CH<\/a><\/li><li>Opera:\u00a0<a href=\"https:\/\/www.opera.com\/help\/tutorials\/security\/privacy\/\" target=\"_blank\" rel=\"noreferrer noopener\">https:\/\/www.opera.com\/help\/tutorials\/security\/privacy\/<\/a><\/li><\/ul><p><!-- \/wp:list-item --><\/p><p><!-- wp:list-item --><\/p><p><!-- \/wp:list-item --><\/p><p><!-- wp:list-item --><\/p><p><!-- \/wp:list-item --><\/p><p><!-- wp:list-item --><\/p><p><!-- \/wp:list-item --><\/p><p><!-- wp:list-item --><\/p><p><!-- \/wp:list-item --><\/p><p><!-- \/wp:list --><\/p><p><!-- wp:paragraph --><\/p><p><!-- \/wp:paragraph --><\/p><p><!-- wp:heading {\"level\":5} --><\/p><h6>4 \u2013 Analyse-Tools<\/h6><p><!-- \/wp:heading --><\/p><p><!-- wp:paragraph --><\/p><p>Auf unserer Webseite und unseren Apps nutzen wir verschiedene Dienste zur Webseitenanalyse und zum Tracking, die wir Ihnen im Folgenden n\u00e4her erl\u00e4utern. Sofern wir Sie um Ihre Einwilligung in den Einsatz der Drittanbieter bitten, ist die Rechtsgrundlage f\u00fcr diese Form der Datenverarbeitung die Einwilligung. Falls wir Ihre Einwilligung nicht einholen, werden Ihre personenbezogenen Daten auf Grundlage unserer berechtigten Interessen, d.h. unser Interesse an der Erbringung von effizienten, wirtschaftlichen und empf\u00e4ngerfreundlichen Leistungen.<\/p><p><!-- \/wp:paragraph --><\/p><p><!-- wp:paragraph --><\/p><p><!-- \/wp:paragraph --><\/p><p><!-- wp:heading {\"level\":6} --><\/p><h6>4.1 \u2013 GOOGLE ANALYSE TOOLS<\/h6><p><!-- \/wp:heading --><\/p><p><!-- wp:paragraph --><\/p><p>Wir setzen auf unserer Webseite die nachfolgenden Google Analysetools ein.\u00a0<\/p><p><!-- \/wp:paragraph --><\/p><p><!-- wp:paragraph --><\/p><p>Soweit personenbezogene Daten in den USA verarbeitet werden, weisen wir Sie daraufhin, dass Google unter den Swiss-U.S. und EU-U.S. Privacy-Shield-Abkommen zertifiziert ist und hierdurch eine Garantie bietet, das schweizerische bzw. europ\u00e4ische Datenschutzrecht einzuhalten (<a href=\"https:\/\/www.privacyshield.gov\/participant?id=a2zt000000001L5AAI&amp;status=Active\" target=\"_blank\" rel=\"noreferrer noopener\">https:\/\/www.privacyshield.gov\/participant?id=a2zt000000001L5AAI&amp;status=Active<\/a>).\u00a0<\/p><p><!-- \/wp:paragraph --><\/p><p><!-- wp:paragraph --><\/p><p><strong>Google (Universal) Analytics<\/strong><br \/>Wir nutzen Google Analytics, einen Webanalysedienst der Google LLC, 1600 Amphitheatre Parkway, Mountain View, CA 94043, USA, bzw. wenn Sie Ihren gew\u00f6hnlichen Aufenthalt in der Europ\u00e4ischen Union (EU), dem Europ\u00e4ischen Wirtschaftsraum (EWR) oder der Schweiz haben, Google Irland Limited, Gordon House, Barrow Street, Dublin 4, Irland (\u00abGoogle\u00bb).<\/p><p><!-- \/wp:paragraph --><\/p><p><!-- wp:paragraph --><\/p><p>Wir setzen Google Analytics in der Ausgestaltung als \u00abUniversal Analytics\u00bb ein. Universal Analytics erlaubt es uns, die Aktivit\u00e4ten auf unseren Seiten ger\u00e4te\u00fcbergreifend zu analysieren (z.B. bei Zugriffen mittels Laptop und sp\u00e4ter \u00fcber ein Tablet). Hierdurch ist es m\u00f6glich, Daten, Sitzungen und Interaktionen \u00fcber mehrere Ger\u00e4te hinweg einer pseudonymen User-ID zuzuordnen und so die Aktivit\u00e4ten eines Nutzers ger\u00e4te\u00fcbergreifend zu analysieren.<\/p><p><!-- \/wp:paragraph --><\/p><p><!-- wp:paragraph --><\/p><p>Google verwendet Cookies. Die durch das Cookie erzeugten Informationen \u00fcber Ihre Benutzung unserer Webseite (einschliesslich Ihrer IP-Adresse) k\u00f6nnen an einen Server von Google in den USA \u00fcbermittelt und dort gespeichert.\u00a0<\/p><p><!-- \/wp:paragraph --><\/p><p><!-- wp:paragraph --><\/p><p>Google verwendet diese Informationen, um die Nutzung unserer Webseite auszuwerten, um Reports \u00fcber die Webseitenaktivit\u00e4ten zusammenzustellen und um weitere mit der Webseiten- und der Internetnutzung verbundene Dienstleistungen uns gegen\u00fcber zu erbringen. Die im Rahmen von Google Analytics von Ihrem Browser \u00fcbermittelte IP-Adresse wird nicht mit anderen Daten von Google zusammengef\u00fchrt.\u00a0<\/p><p><!-- \/wp:paragraph --><\/p><p><!-- wp:paragraph --><\/p><p>Ihre personenbezogenen Daten werden nach 26 Monaten gel\u00f6scht oder anonymisiert.<\/p><p><!-- \/wp:paragraph --><\/p><p><!-- wp:paragraph --><\/p><p>Wir setzen Google Analytics nur mit aktivierter IP-Anonymisierung ein. Dadurch wird Ihre IP-Adresse von Google innerhalb der Schweiz bzw. der EU\/des EWR gek\u00fcrzt. Nur in Ausnahmef\u00e4llen wird die volle IP-Adresse an einen Server von Google in den USA \u00fcbermittelt und dort gek\u00fcrzt.\u00a0<\/p><p><!-- \/wp:paragraph --><\/p><p><!-- wp:paragraph --><\/p><p>Sie k\u00f6nnen die Speicherung der Cookies durch eine entsprechende Einstellung ihrer Browser-Software verhindern. Wir weisen Sie jedoch daraufhin, dass Sie in diesem Fall gegebenenfalls nicht s\u00e4mtliche Funktionen unserer Webseite vollumf\u00e4nglich nutzen werden. Sie k\u00f6nnen dar\u00fcber hinaus die Datenerfassung und -verarbeitung durch Google verhindern, indem Sie das unter dem folgenden Link\u00a0<a href=\"https:\/\/tools.google.com\/dlpage\/gaoptout?hl=de\" target=\"_blank\" rel=\"noreferrer noopener\">https:\/\/tools.google.com\/dlpage\/gaoptout?hl=de<\/a>\u00a0verf\u00fcgbare Browser-Plugin herunterladen und installieren. Es wird ein Opt-Out-Cookie gesetzt, das die zuk\u00fcnftige Erfassung Ihrer Daten beim Besuch dieser Webseite verhindert. Um die Erfassung durch Universal Analytics \u00fcber verschiedene Ger\u00e4te hinweg zu verhindern, m\u00fcssen Sie das Opt-Out auf allen genutzten Systemen durchf\u00fchren. Weitere Hinweise zu Universal Analytics finden Sie hier:\u00a0<a href=\"https:\/\/support.google.com\/analytics\/answer\/2838718?hl=de&amp;ref_topic=6010376\" target=\"_blank\" rel=\"noreferrer noopener\">https:\/\/support.google.com\/analytics\/answer\/2838718?hl=de&amp;ref_topic=6010376<\/a>.<\/p><p><!-- \/wp:paragraph --><\/p><p><!-- wp:paragraph --><\/p><p>Weitere Informationen zu den Nutzungsbedingungen und zum Datenschutz von Google Analytics finden Sie unter\u00a0<a href=\"https:\/\/marketingplatform.google.com\/about\/analytics\/terms\/de\/\" target=\"_blank\" rel=\"noreferrer noopener\">https:\/\/marketingplatform.google.com\/about\/analytics\/terms\/de\/<\/a>.<\/p><p><!-- \/wp:paragraph --><\/p><p><!-- wp:paragraph --><\/p><p><strong>Google Marketing- und Remarketing-Dienste\u00a0<\/strong><br \/>Wir nutzen Marketing- und Remarketing-Dienste der Google LLC, 1600 Amphitheatre Parkway, Mountain View, CA 94043, USA, bzw. wenn Sie Ihren gew\u00f6hnlichen Aufenthalt in der Europ\u00e4ischen Union (EU), dem Europ\u00e4ischen Wirtschaftsraum (EWR) oder der Schweiz haben, Google Ireland Limited, Gordon House, Barrow Street, Dublin 4, Irland (\u00abGoogle\u00bb)\u00a0<\/p><p><!-- \/wp:paragraph --><\/p><p><!-- wp:paragraph --><\/p><p>Die Google-Marketing-Services erlauben uns Werbeanzeigen f\u00fcr und auf unserer Webseite gezielter anzuzeigen, um Ihnen nur Anzeigen zu pr\u00e4sentieren, die potentiell Ihren Interessen entsprechen. Zu diesen Zwecken wird bei Aufruf unserer und anderer Webseiten, auf denen Google-Marketing-Services aktiv sind, unmittelbar durch Google ein Code von Google ausgef\u00fchrt und es werden sog. (Re)marketing-Tags (unsichtbare Grafiken oder Code, auch als \u00abWeb Beacons\u00bb oder \u00abPixel\u00bb bezeichnet) in die Webseite eingebunden. Mit deren Hilfe wird auf Ihrem Ger\u00e4t ein individuelles Cookie, d.h. eine kleine Datei abgespeichert (statt Cookies k\u00f6nnen auch vergleichbare Technologien verwendet werden). In dieser Datei wird vermerkt, welche Webseiten Sie aufgesucht, f\u00fcr welche Inhalte Sie sich interessiert und welche Angebote Sie angeklickt haben, ferner technische Informationen zum Browser und Betriebssystem, verweisende Webseiten, Besuchszeit sowie weitere Angaben zur Nutzung unserer Angebote.\u00a0<\/p><p><!-- \/wp:paragraph --><\/p><p><!-- wp:paragraph --><\/p><p>Erfasst wird Ihre IP-Adresse, wobei Ihre IP-Adresse innerhalb der Schweiz bzw. der EU\/des EWR gek\u00fcrzt und nur in Ausnahmef\u00e4llen ganz an einen Server von Google in den USA \u00fcbermittelt und dort gek\u00fcrzt wird.\u00a0<\/p><p><!-- \/wp:paragraph --><\/p><p><!-- wp:paragraph --><\/p><p>Ihre weiteren Daten werden im Rahmen der Google-Marketing-Services pseudonymisiert verarbeitet. D.h. Google speichert und verarbeitet z.B. nicht Ihren Namen oder Ihre E-Mailadresse, sondern verarbeitet die relevanten Daten Cookie-bezogen innerhalb pseudonymer Nutzer-Profile; aus Sicht von Google werden die Anzeigen nicht f\u00fcr eine konkret identifizierte Person verwaltet und angezeigt, sondern f\u00fcr den Cookie-Inhaber, unabh\u00e4ngig davon, wer dieser Cookie-Inhaber ist. Dies gilt nicht, wenn Sie Google ausdr\u00fccklich erlaubt haben, die Daten ohne diese Pseudonymisierung zu verarbeiten.\u00a0<\/p><p><!-- \/wp:paragraph --><\/p><p><!-- wp:paragraph --><\/p><p>Sie k\u00f6nnen der interessenbezogenen Werbung durch Google grunds\u00e4tzlich widersprechen. Dazu rufen Sie \u00fcber Ihren Browser den Link:\u00a0<a href=\"https:\/\/adssettings.google.de\/\" target=\"_blank\" rel=\"noreferrer noopener\">https:\/\/adssettings.google.de<\/a>\u00a0auf und nehmen dort die gew\u00fcnschten Einstellungen vor.<\/p><p><!-- \/wp:paragraph --><\/p><p><!-- wp:paragraph --><\/p><p><strong>Conversion Tracking f\u00fcr Adwords<\/strong><br \/>Zu den von uns eingesetzten Google-Marketing-Services geh\u00f6rt u.a. das Online-Werbeprogramm Google Ads (fr\u00fcher Google AdWords). Im Fall von Google Ads erh\u00e4lt jeder Ads-Kunde ein Conversion-Cookie. Cookies k\u00f6nnen somit nicht \u00fcber die Webseiten von Ads-Kunden nachverfolgt werden. Die mit Hilfe des Cookies eingeholten Informationen dienen dazu, Conversion-Statistiken f\u00fcr uns zu erstellen. Hierbei erfahren wir jedoch nur die Gesamtanzahl der Nutzer, die auf unsere Anzeigen geklickt haben und zu einer mit einem Conversion-Tracking-Tag versehenen Seite weitergeleitet wurden. Wir erhalten jedoch keine Informationen, mit denen Sie sich pers\u00f6nlich identifizieren lassen. Weitere Informationen zu Google Ads erhalten Sie unter\u00a0<a href=\"https:\/\/ads.google.com\/intl\/de_ch\/home\/\" target=\"_blank\" rel=\"noreferrer noopener\">https:\/\/ads.google.com\/intl\/de_ch\/home\/<\/a>.<\/p><p><!-- \/wp:paragraph --><\/p><p><!-- wp:paragraph --><\/p><p><strong>Google Marketing Platform<\/strong><br \/>Ein weiterer von uns genutzter Google-Marketing-Service ist Google Marketing Platform (fr\u00fcher Google DoubleClick). Google-Marketing-Platform verwendet Cookies, mit denen Google und seinen Partner-Webseiten die Schaltung von Anzeigen auf Basis Ihrer Besuche unserer Webseite bzw. anderen Webseiten im Internet erm\u00f6glicht wird. Weitere Informationen zu Google-Marketing-Platform erhalten Sie unter\u00a0<a href=\"https:\/\/marketingplatform.google.com\/about\/enterprise\/\" target=\"_blank\" rel=\"noreferrer noopener\">https:\/\/marketingplatform.google.com\/about\/enterprise\/<\/a>.<\/p><p><!-- \/wp:paragraph --><\/p><p><!-- wp:paragraph --><\/p><p><strong>Google Tag Manager<\/strong><br \/>Ferner setzen wir den Google Tag Manager ein, um die Google Analyse- und Marketing-Dienste in unsere Webseite einzubinden und zu verwalten. Google Tag Manager ist eine L\u00f6sung, mit der wir sog. Webseite -Tags \u00fcber eine Oberfl\u00e4che verwalten k\u00f6nnen. Der Tag Manager selbst, welcher die Tags implementiert, verarbeitet keine personenbezogenen Daten der Nutzer.\u00a0<\/p><p><!-- \/wp:paragraph --><\/p><p><!-- wp:paragraph --><\/p><p>Weitere Informationen zum Google Tag Manager erhalten Sie unter:\u00a0<a href=\"https:\/\/www.google.com\/intl\/de\/tagmanager\/use-policy.html\" target=\"_blank\" rel=\"noreferrer noopener\">https:\/\/www.google.com\/intl\/de\/tagmanager\/use-policy.html<\/a>.<\/p><p><!-- \/wp:paragraph --><\/p><p><!-- wp:paragraph --><\/p><p><strong>Google Optimize<\/strong><br \/>Ebenfalls setzen wir das Google-Marketing-Service Google Optimize ein. Google Optimize erlaubt uns im Rahmen sog. \u00abA\/B-Testings\u00bb nachzuvollziehen, wie sich verschiedene \u00c4nderungen einer Webseite auswirken (z.B. Ver\u00e4nderungen der Eingabefelder, des Designs, etc.). F\u00fcr diese Testzwecke werden Cookies auf Ihren Ger\u00e4ten abgelegt. Dabei werden nur pseudonyme Daten von Ihnen verarbeitet.\u00a0<\/p><p><!-- \/wp:paragraph --><\/p><p><!-- wp:paragraph --><\/p><p>Weitere Informationen zu Google Optimize erhalten Sie unter:\u00a0<a href=\"https:\/\/optimize.google.com\/optimize\/home\/\" target=\"_blank\" rel=\"noreferrer noopener\">https:\/\/optimize.google.com\/optimize\/home\/<\/a>.<\/p><p><!-- \/wp:paragraph --><\/p><p><!-- wp:paragraph --><\/p><p><strong>Google Data Studio<\/strong><br \/>Zudem nutzen wir das Google Data Studio. Google Data Studio erm\u00f6glicht das zusammenfassen und visualisieren von unterschiedlichen Daten in Verbindung mit anderen Google-Diensten oder \u00fcber externe Datenquellen. Dieser Dienst wird insbesondere verwendet f\u00fcr statistische Auswertungen, Prognosen und als Grundlage f\u00fcr strategische Entscheidungen. Alle Daten, die von uns mit Google Data Studio verarbeitet werden sind rein statistischer Natur. Es werden weder personenbezogenen Daten verarbeitet noch anonymisierte oder pseudonymisierte Daten mit personenbezogenen Daten zusammengef\u00fchrt.<\/p><p><!-- \/wp:paragraph --><\/p><p><!-- wp:paragraph --><\/p><p><!-- \/wp:paragraph --><\/p><p><!-- wp:heading {\"level\":6} --><\/p><h6>4.2 \u2013 FACEBOOK-PIXEL, CUSTOM AUDIENCES UND FACEBOOK-CONVERSION<\/h6><p><!-- \/wp:heading --><\/p><p><!-- wp:paragraph --><\/p><p>Wir nutzten das sog. \u00abFacebook-Pixel\u00bb der Meta Platforms Inc., 1601 Willow Avenue, Menlo Park, CA 94025, USA, bzw. wenn Sie Ihren gew\u00f6hnlichen Aufenthalt in der Europ\u00e4ischen Union (EU), dem Europ\u00e4ischen Wirtschaftsraum (EWR) oder der Schweiz haben, Meta Platforms Ireland Ltd., 4 Grand Canal Square, Grand Canal Harbour, Dublin 2, Irland (\u00abFacebook\u00bb).<\/p><p><!-- \/wp:paragraph --><\/p><p><!-- wp:paragraph --><\/p><p>Mit Hilfe des Facebook-Pixels ist es Facebook m\u00f6glich, die Besucher unserer Onlineangebote als Zielgruppe f\u00fcr die Darstellung von Anzeigen (sog. \u00abFacebook-Ads\u00bb) zu bestimmen. Dementsprechend setzen wir das Facebook-Pixel ein, um die durch uns geschalteten Facebook-Ads nur solchen Facebook-Nutzern anzuzeigen, die auch ein Interesse an unseren Onlineangeboten gezeigt haben oder die bestimmte Merkmale (z.B. Interessen an bestimmten Themen oder Produkten, die anhand der besuchten Webseiten bestimmt werden) aufweisen, die wir an Facebook \u00fcbermitteln (sog. \u00abCustom Audiences\u00bb). Mit Hilfe des Facebook-Pixels m\u00f6chten wir auch sicherstellen, dass unsere Facebook-Ads dem potentiellen Interesse der Nutzer entsprechen und nicht bel\u00e4stigend wirken. Mit Hilfe des Facebook-Pixels k\u00f6nnen wir ferner die Wirksamkeit der Facebook-Werbeanzeigen f\u00fcr statistische und Marktforschungszwecke nachvollziehen, in dem wir sehen, ob Nutzer nachdem Klick auf eine Facebook-Werbeanzeige auf unsere Webseite weitergeleitet wurden (sog. \u00abConversion\u00bb).<\/p><p><!-- \/wp:paragraph --><\/p><p><!-- wp:paragraph --><\/p><p>Des Weiteren nutzen wir beim Einsatz des Facebook-Pixels die Zusatzfunktion \u00aberweiterter Abgleich\u00bb (hierbei werden Daten wie Telefonnummern, E-Mailadressen oder Facebook-IDs der Nutzer) zur Bildung von Zielgruppen (\u00abCustom Audiences\u00bb oder \u00abLook Alike Audiences\u00bb) an Facebook (verschl\u00fcsselt) \u00fcbermittelt. Weitere Hinweise zum \u00aberweiterten Abgleich\u00bb:\u00a0<a href=\"https:\/\/de-de.facebook.com\/business\/help\/611774685654668\" target=\"_blank\" rel=\"noreferrer noopener\">https:\/\/de-de.facebook.com\/business\/help\/611774685654668<\/a>.\u00a0<\/p><p><!-- \/wp:paragraph --><\/p><p><!-- wp:paragraph --><\/p><p>Wir nutzen ebenfalls das Verfahren \u00abCustom Audiences from File\u00bb. Hier werden die E-Mail-Adressen der Newsletterempf\u00e4nger bei Facebook hochgeladen. Der Upload-Vorgang findet verschl\u00fcsselt statt. Der Upload dient alleine, um Empf\u00e4nger unserer Facebook-Anzeigen zu bestimmen. Wir m\u00f6chten damit sicherstellen, dass die Anzeigen nur Nutzern angezeigt werden, die ein Interesse an unseren Informationen und Leistungen haben.\u00a0<\/p><p><!-- \/wp:paragraph --><\/p><p><!-- wp:paragraph --><\/p><p>Die Datenverarbeitung durch Facebook erfolgt im Rahmen von Facebooks Datenrichtlinie. Dementsprechend erhalten Sie generelle Hinweise zur Darstellung von Facebook-Ads, in der Datenrichtlinie von Facebook:\u00a0<a href=\"https:\/\/www.facebook.com\/policy.php\" target=\"_blank\" rel=\"noreferrer noopener\">https:\/\/www.facebook.com\/policy.php<\/a>.\u00a0<\/p><p><!-- \/wp:paragraph --><\/p><p><!-- wp:paragraph --><\/p><p>Sie k\u00f6nnen der Erfassung durch den Facebook-Pixel und Verwendung Ihrer Daten zur Darstellung von Facebook-Ads widersprechen. Hierzu k\u00f6nnen Sie die von Facebook eingerichtete Seite aufrufen und dort die Hinweise zu den Einstellungen nutzungsbasierter Werbung befolgen:\u00a0<a href=\"https:\/\/www.facebook.com\/settings?tab=ads\" target=\"_blank\" rel=\"noreferrer noopener\">https:\/\/www.facebook.com\/settings?tab=ads<\/a>. Dazu m\u00fcssen Sie bei Facebook angemeldet sein.<\/p><p><!-- \/wp:paragraph --><\/p><p><!-- wp:paragraph --><\/p><p>Wenn Sie kein Facebook Konto besitzen, k\u00f6nnen Sie dem Einsatz von Cookies, die der Reichweitenmessung und Werbezwecken dienen, ferner \u00fcber die Deaktivierungsseite der Netzwerkwerbeinitiative\u00a0<a href=\"http:\/\/optout.networkadvertising.org\/\" target=\"_blank\" rel=\"noreferrer noopener\">http:\/\/optout.networkadvertising.org\/<\/a>\u00a0und zus\u00e4tzlich die US-amerikanische Webseite\u00a0<a href=\"http:\/\/www.aboutads.info\/choices\/\" target=\"_blank\" rel=\"noreferrer noopener\">http:\/\/www.aboutads.info\/choices\/<\/a>\u00a0oder die europ\u00e4ische Webseite\u00a0<a href=\"http:\/\/www.youronlinechoices.com\/de\/praferenzmanagement\/\" target=\"_blank\" rel=\"noreferrer noopener\">http:\/\/www.youronlinechoices.com\/de\/praferenzmanagement\/<\/a>\u00a0widersprechen.<\/p><p><!-- \/wp:paragraph --><\/p><p><!-- wp:paragraph --><\/p><p>Soweit personenbezogene Daten in den USA verarbeitet werden, weisen wir Sie daraufhin, dass Facebook den Datenschutz in ihre Standard Contractual Clauses (SCC) aufgenommen hat und sich somit an die Vorgaben der EU (DSGVO) wie auch der Schweiz (DSG) h\u00e4lt.<\/p><p><!-- \/wp:paragraph --><\/p><p><!-- wp:paragraph --><\/p><p><!-- \/wp:paragraph --><\/p><p><!-- wp:heading {\"level\":5} --><\/p><h6>5 \u2013 Weitere Dienste<\/h6><p><!-- \/wp:heading --><\/p><p><!-- wp:paragraph --><\/p><p>Im Rahmen unserer Webseite und f\u00fcr die Erbringung unserer Dienstleistungen nutzen wir noch weitere Dienste, die wir Ihnen im Folgenden n\u00e4her erl\u00e4utern. Sofern wir Sie um Ihre Einwilligung in den Einsatz der Drittanbieter bitten, ist die Rechtsgrundlage f\u00fcr diese Form der Datenverarbeitung die Einwilligung. Sofern wir Ihre Einwilligung nicht einholen, bearbeiten wir Ihre personenbezogenen Daten auf Grundlage unserer berechtigten Interessen, d.h. Interesse an effizienten, wirtschaftlichen und empf\u00e4ngerfreundlichen Leistungen.<\/p><p><!-- \/wp:paragraph --><\/p><p><!-- wp:paragraph --><\/p><p><!-- \/wp:paragraph --><\/p><p><!-- wp:heading {\"level\":6} --><\/p><h6>5.1 \u2013 GETTY IMAGES<\/h6><p><!-- \/wp:heading --><\/p><p><!-- wp:paragraph --><\/p><p>Wir nutzen Komponenten der Bildagentur Getty Images, die Bilder und anderes Bildmaterial anbietet. Diese Komponenten sind ein Service der Getty Images Inc., 605 5th Avenue South, Suite 400, Seattle, Washington 98104, USA, bzw. bzw. wenn Sie Ihren gew\u00f6hnlichen Aufenthalt in der Europ\u00e4ischen Union (EU), dem Europ\u00e4ischen Wirtschaftsraum (EWR) oder der Schweiz haben, Getty Images International, 1st Floor, The Herbert Building, The Park, Carrickmines, Dublin 18, Irland. Auf diese Weise eingebundene Bilder sind an dem Vermerk \u00abGetty Images\u00bb im Rahmen des eingebundenen Bildes erkennbar. Weitere Informationen hierzu finden Sie unter:\u00a0<a href=\"https:\/\/www.gettyimages.de\/resources\/embed\" target=\"_blank\" rel=\"noreferrer noopener\">https:\/\/www.gettyimages.de\/resources\/embed<\/a><\/p><p><!-- \/wp:paragraph --><\/p><p><!-- wp:paragraph --><\/p><p>Voraussetzung f\u00fcr diese Darstellung der Bilder des Stockbildarchivs Getty Images auf unserer Webseite ist, dass Ihre IP- Adresse an Getty Images \u00fcbermittelt wird. Nach unserem Wissen wird die IP-Adresse derzeit lediglich f\u00fcr die Einbindung der Bilder auf unserer Webseite verwendet. Sollte Getty Images die erhobene IP-Adresse f\u00fcr andere Zwecke speichern oder gar auswerten, haben wir hierauf keinerlei Einfluss.\u00a0<\/p><p><!-- \/wp:paragraph --><\/p><p><!-- wp:paragraph --><\/p><p>Getty Images ist unter den Swiss-U.S. und EU-.US. Privacy-Shield-Abkommen zertifiziert und bietet hierdurch eine Garantie bietet, das schweizerische bzw. europ\u00e4ische Datenschutzrecht einzuhalten (<a href=\"https:\/\/www.privacyshield.gov\/participant?id=a2zt0000000TNchAAG&amp;status=Active\" target=\"_blank\" rel=\"noreferrer noopener\">https:\/\/www.privacyshield.gov\/participant?id=a2zt0000000TNchAAG&amp;status=Active<\/a>).<\/p><p><!-- \/wp:paragraph --><\/p><p><!-- wp:paragraph --><\/p><p>Weitere Informationen zum Zweck und Umfang der Datenerhebung finden Sie in der Datenschutzerkl\u00e4rung von Getty Images unter:\u00a0<a href=\"https:\/\/www.gettyimages.de\/company\/privacy-policy\" target=\"_blank\" rel=\"noreferrer noopener\">https:\/\/www.gettyimages.de\/company\/privacy-policy<\/a>.<\/p><p><!-- \/wp:paragraph --><\/p><p><!-- wp:paragraph --><\/p><p><!-- \/wp:paragraph --><\/p><p><!-- wp:heading {\"level\":6} --><\/p><h6>5.2 \u2013 CAMPAIGN MONITOR<\/h6><p><!-- \/wp:heading --><\/p><p><!-- wp:paragraph --><\/p><p>Zur Versendung des Newsletters nutzen wir den Dienstleister \u00abCampaign Monitor\u00bb. Anbieter ist die Campaign Monitor Pty Ltd., 404\/3-5 Stapleton Avenue, Sutherland NSW 2232, Sydney, Australia. Camaign Monitor ist ein Dienst, mit dem der Newsletterversand organisiert und analysiert werden kann. Die von Ihnen zwecks Newsletterbezug eingegebenen Daten (z.B. E-Mail-Adresse) werden auf den Servern von Camaign Monitor in den USA sowie ggf. Deutschland und Australien \u00fcbermittelt und dort gespeichert.\u00a0<\/p><p><!-- \/wp:paragraph --><\/p><p><!-- wp:paragraph --><\/p><p>Campaign Monitor verwendet diese Informationen zum Versand und zur statistischen Auswertung der Newsletter in unserem Auftrag. F\u00fcr die Auswertung beinhalten die versendeten E-Mails sog. Web-Beacons bzw. Trackings-Pixel, die Ein-Pixel-Bilddateien darstellen, die auf unserer Webseite gespeichert sind. So kann festgestellt werden, ob eine Newsletter-Nachricht ge\u00f6ffnet und welche Links ggf. angeklickt wurden. Ausserdem werden technische Informationen erfasst (z.B. Zeitpunkt des Abrufs, IP-Adresse, Browsertyp und Betriebssystem). Die Daten werden ausschliesslich pseudonymisiert erhoben und werden nicht mir Ihren weiteren pers\u00f6nlichen Daten verkn\u00fcpft, eine direkte Personenbeziehbarkeit wird daher ausgeschlossen. Diese Daten dienen ausschliesslich der statistischen Analyse von Newsletterkampagnen. Die Ergebnisse dieser Analysen k\u00f6nnen genutzt werden, um k\u00fcnftige Newsletter besser an die Interessen der Empf\u00e4nger anzupassen.<\/p><p><!-- \/wp:paragraph --><\/p><p><!-- wp:paragraph --><\/p><p>Campaign Monitor bietet umfangreiche Analysem\u00f6glichkeiten. Beispielsweise wird erhoben, ob der Newsletter ge\u00f6ffnet wurde und auf welche Links in den Mails geklickt wurde. Die Analysen der Newsletterbenutzung werden jedoch stets gruppenbezogen durchgef\u00fchrt, d.h. es werden keine Analysen zum individuellen Newsletterempf\u00e4nger durchgef\u00fchrt.\u00a0<\/p><p><!-- \/wp:paragraph --><\/p><p><!-- wp:paragraph --><\/p><p>Des Weiteren kann Campaign Monitor diese Daten selbst aufgrund seines eigenen berechtigten Interesses in pseudonymer Form, d.h. ohne Zuordnung zu einem Nutzer, zur Optimierung oder Verbesserung der eigenen Services nutzen, z.B. zur technischen Optimierung des Versandes und der Darstellung der Newsletter oder f\u00fcr statistische Zwecke, um zu bestimmen aus welchen L\u00e4ndern die Empf\u00e4nger kommen, verwenden. Campaign Monitor nutzt die Daten unserer Newsletterempf\u00e4nger jedoch nicht, um diese selbst anzuschreiben oder sie an Dritte weiterzugeben.<\/p><p><!-- \/wp:paragraph --><\/p><p><!-- wp:paragraph --><\/p><p>Wenn Sie der Datenanalyse zu statistischen Auswertungszwecken widersprechen m\u00f6chten, m\u00fcssen Sie den Newsletterbezug abbestellen.<\/p><p><!-- \/wp:paragraph --><\/p><p><!-- wp:paragraph --><\/p><p>Wir haben mit Campaign Monitor einen Auftragsverarbeitungsvertrag abgeschlossen, in welchem wir die Campaign Monitor verpflichten, die personenbezogenen Daten unserer Kunden zu sch\u00fctzen und sie nicht an Dritte weiterzugeben.\u00a0<\/p><p><!-- \/wp:paragraph --><\/p><p><!-- wp:paragraph --><\/p><p>Die von Ihnen zum Zwecke des Newsletter-Bezugs bei uns hinterlegten personenbezogenen Daten werden von uns bis zu Ihrer Austragung aus dem Newsletter gespeichert und nach der Abbestellung des Newsletters sowohl von unseren Servern als auch von den Servern von Campaign Monitor gel\u00f6scht.\u00a0<\/p><p><!-- \/wp:paragraph --><\/p><p><!-- wp:paragraph --><\/p><p>Die Datenschutzerkl\u00e4rung k\u00f6nnen Sie hier einsehen\u00a0<a href=\"http:\/\/www.campaignmonitor.com\/privacy\/\" target=\"_blank\" rel=\"noreferrer noopener\">http:\/\/www.campaignmonitor.com\/privacy\/<\/a>.<\/p><p><!-- \/wp:paragraph --><\/p><p><!-- wp:paragraph --><\/p><p><!-- \/wp:paragraph --><\/p><p><!-- wp:heading {\"level\":6} --><\/p><h6>5.3 \u2013 FACEBOOK CONNECT<\/h6><p><!-- \/wp:heading --><\/p><p><!-- wp:paragraph --><\/p><p>Wir nutzen \u00abFacebook Connect\u00bb, einen Dienst der Meta Platforms Inc., 1601 Willow Avenue, Menlo Park, CA 94025, USA, bzw. wenn Sie Ihren gew\u00f6hnlichen Aufenthalt in der Europ\u00e4ischen Union (EU), dem Europ\u00e4ischen Wirtschaftsraum (EWR) oder der Schweiz haben, Meta Platforms Ireland Ltd., 4 Grand Canal Square, Grand Canal Harbour, Dublin 2, Irland (\u00abFacebook\u00bb).<\/p><p><!-- \/wp:paragraph --><\/p><p><!-- wp:paragraph --><\/p><p>Facebook Connect erleichtert die Registrierung f\u00fcr Dienste im Internet. Statt der Nutzung einer Registrierungsmaske unserer Webseite k\u00f6nnen Sie Ihre Login-Daten f\u00fcr Facebook eingeben und dann unsere Angebote nutzen. Durch den Einsatz von \u00abFacebook Connect\u00bb baut Ihr Browser automatisch eine direkte Verbindung mit dem Server von Facebook auf. Zur Anmeldung werden Sie auf die Seite von Facebook weitergeleitet. Dort k\u00f6nnen Sie sich mit ihren Nutzungsdaten anmelden. Hierdurch wird Ihr Nutzerkonto bei Facebook mit unserem Dienst verkn\u00fcpft. Wir haben keinen Einfluss auf den Umfang und die weitere Verwendung von Daten, die durch den Einsatz von Facebook Connect durch Facebook erhoben werden. Nach unserem Kenntnisstand erh\u00e4lt Facebook die Information, dass Sie den entsprechenden Teil unserer Webseite aufgerufen oder eine Anzeige von uns angeklickt haben. Wenn Sie \u00fcber ein Nutzerkonto bei Facebook verf\u00fcgen und registriert sind, kann Facebook den Besuch Ihrem Nutzerkonto zuordnen. Selbst wenn Sie nicht bei Facebook registriert sind bzw. sich nicht eingeloggt haben, besteht die M\u00f6glichkeit, dass der Facebook Ihre IP-Adresse und ggf. weitere Identifizierungsmerkmale in Erfahrung bringt und speichert.<\/p><p><!-- \/wp:paragraph --><\/p><p><!-- wp:paragraph --><\/p><p>Wir verwenden Facebook Connect, um Ihnen den Registrierungs- und Anmeldevorgang zu erleichtern und diesen zu verk\u00fcrzen. Hierin liegt auch unser berechtigtes Interesse an der Verarbeitung der vorstehenden Daten durch den Drittanbieter. Eine Verarbeitung vorstehender Informationen durch Facebook k\u00f6nnen Sie dadurch verhindern, dass Sie unsere Registrierungsmaske verwenden und Facebook Connect nicht nutzen.<\/p><p><!-- \/wp:paragraph --><\/p><p><!-- wp:paragraph --><\/p><p>Facebook ist unter den Swiss-U.S. und EU-.US. Privacy-Shield-Abkommen zertifiziert und bietet hierdurch eine Garantie bietet, das schweizerische bzw. europ\u00e4ische Datenschutzrecht einzuhalten (<a href=\"https:\/\/www.privacyshield.gov\/participant?id=a2zt0000000GnywAAC\" target=\"_blank\" rel=\"noreferrer noopener\">https:\/\/www.privacyshield.gov\/participant?id=a2zt0000000GnywAAC<\/a>).\u00a0<\/p><p><!-- \/wp:paragraph --><\/p><p><!-- wp:paragraph --><\/p><p>Weitere Informationen zur Datenverarbeitung und zum Datenschutz von Facebook finden Sie unter:\u00a0<a href=\"https:\/\/www.facebook.com\/policy.php\" target=\"_blank\" rel=\"noreferrer noopener\">https:\/\/www.facebook.com\/policy.php<\/a>.<\/p><p><!-- \/wp:paragraph --><\/p><p><!-- wp:paragraph --><\/p><p><!-- \/wp:paragraph --><\/p><p><!-- wp:heading {\"level\":6} --><\/p><h6>5.4 \u2013 GOOGLE MAPS<\/h6><p><!-- \/wp:heading --><\/p><p><!-- wp:paragraph --><\/p><p>Wir nutzen auf unserer Webseite das Angebot von Google Maps der Google LLC, 1600 Amphitheatre Parkway, Mountain View, CA 94043, USA, bzw. wenn Sie Ihren gew\u00f6hnlichen Aufenthalt in der Europ\u00e4ischen Union (EU), dem Europ\u00e4ischen Wirtschaftsraum (EWR) oder der Schweiz haben, Google Ireland Limited, Gordon House, Barrow Street, Dublin 4, Irland (\u00abGoogle\u00bb). Dadurch k\u00f6nnen wir Ihnen interaktive Karten direkt in der Webseite anzeigen und erm\u00f6glichen Ihnen die komfortable Nutzung der Karten-Funktion.<\/p><p><!-- \/wp:paragraph --><\/p><p><!-- wp:paragraph --><\/p><p>Durch die Nutzung von Google Maps k\u00f6nnen Informationen \u00fcber Ihre Benutzung unserer Webseite (einschliesslich Ihrer IP-Adresse) an einen Server von Google in den USA \u00fcbermittelt und dort gespeichert werden. Google speichert diese Daten unter Umst\u00e4nden als Nutzungsprofile f\u00fcr Zwecke der bedarfsgerechten Gestaltung der Dienste, Werbung sowie der Marktforschung. Wenn Sie bei Google angemeldet sind, werden Ihre Daten direkt Ihrem Konto zugeordnet. Sollten Sie dies nicht w\u00fcnschen, m\u00fcssen Sie sich zuvor abmelden. Wenn Sie mit der Verarbeitung Ihrer Daten nicht einverstanden sind, so besteht die M\u00f6glichkeit, den Service von Google Maps zu deaktivieren und auf diesem Weg die \u00dcbertragung von Daten an Google zu verhindern. Dazu m\u00fcssen Sie die Java-Script-Funktion in Ihrem Browser deaktivieren. Wir weisen Sie jedoch darauf hin, dass Sie in diesem Fall die Google Maps nicht oder nur eingeschr\u00e4nkt nutzen k\u00f6nnen.<\/p><p><!-- \/wp:paragraph --><\/p><p><!-- wp:paragraph --><\/p><p>Soweit personenbezogene Daten in den USA verarbeitet werden, weisen wir Sie daraufhin, dass Google unter den Swiss-U.S. und EU-U.S. Privacy-Shield-Abkommen zertifiziert ist und hierdurch eine Garantie bietet, das schweizerische bzw. europ\u00e4ische Datenschutzrecht einzuhalten (<a href=\"https:\/\/www.privacyshield.gov\/participant?id=a2zt000000001L5AAI&amp;status=Active\" target=\"_blank\" rel=\"noreferrer noopener\">https:\/\/www.privacyshield.gov\/participant?id=a2zt000000001L5AAI&amp;status=Active<\/a>).<\/p><p><!-- \/wp:paragraph --><\/p><p><!-- wp:paragraph --><\/p><p>Weitere Informationen zur Datenverarbeitung und zum Datenschutz von Google Maps finden Sie unter:\u00a0<a href=\"http:\/\/www.google.com\/intl\/de_de\/help\/terms_maps.html\" target=\"_blank\" rel=\"noreferrer noopener\">http:\/\/www.google.com\/intl\/de_de\/help\/terms_maps.html<\/a>\u00a0und\u00a0<a href=\"https:\/\/policies.google.com\/privacy\" target=\"_blank\" rel=\"noreferrer noopener\">https:\/\/policies.google.com\/privacy<\/a>.<\/p><p><!-- \/wp:paragraph --><\/p><p><!-- wp:paragraph --><\/p><p><!-- \/wp:paragraph --><\/p><p><!-- wp:heading {\"level\":6} --><\/p><h6>5.5 \u2013 YOUTUBE<\/h6><p><!-- \/wp:heading --><\/p><p><!-- wp:paragraph --><\/p><p>Wir nutzen f\u00fcr die Einbindung von Videos den Anbieter YouTube. YouTube ist ein Dienst der YouTube LLC (\u00abYouTube\u00bb), 901 Cherry Ave., San Bruno, CA 94066, USA. Die YouTube LLC ist eine Tochtergesellschaft der Google LLC, 1600 Amphitheatre Parkway, Mountain View, CA 94043, USA, bzw. wenn Sie Ihren gew\u00f6hnlichen Aufenthalt in der Europ\u00e4ischen Union (EU), dem Europ\u00e4ischen Wirtschaftsraum (EWR) oder der Schweiz haben, Google Ireland Limited, Gordon House, Barrow Street, Dublin 4, Irland (&#8222;Google&#8220;).<\/p><p><!-- \/wp:paragraph --><\/p><p><!-- wp:paragraph --><\/p><p>Wenn Sie ein YouTube-Video auf unserer Webseite starten, wird eine Verbindung zu den Servern von YouTube hergestellt. Dabei wird dem YouTube-Server mitgeteilt, welche unserer Seiten Sie besucht haben. Diese Information (einschliesslich Ihrer IP-Adresse) k\u00f6nnen an einen Server von Google in den USA \u00fcbermittelt und dort gespeichert werden. Wenn Sie gleichzeitig in Ihrem YouTube-Account eingeloggt sind, erm\u00f6glichen Sie YouTube, Ihr Surfverhalten direkt Ihrem pers\u00f6nlichen Profil zuzuordnen. Dies k\u00f6nnen Sie verhindern, indem Sie sich vor Ihrem Besuch unserer Webseite aus Ihrem YouTube-Account ausloggen.<\/p><p><!-- \/wp:paragraph --><\/p><p><!-- wp:paragraph --><\/p><p>Soweit personenbezogene Daten in den USA verarbeitet werden, weisen wir Sie daraufhin, dass Google unter den Swiss-U.S. und EU-U.S. Privacy-Shield-Abkommen zertifiziert ist und hierdurch eine Garantie bietet, das schweizerische bzw. europ\u00e4ische Datenschutzrecht einzuhalten (<a href=\"https:\/\/www.privacyshield.gov\/participant?id=a2zt000000001L5AAI&amp;status=Active\" target=\"_blank\" rel=\"noreferrer noopener\">https:\/\/www.privacyshield.gov\/participant?id=a2zt000000001L5AAI&amp;status=Active<\/a>).<\/p><p><!-- \/wp:paragraph --><\/p><p><!-- wp:paragraph --><\/p><p>Weitere Informationen zur Datenverarbeitung und zum Datenschutz von YouTube finden Sie unter:\u00a0<a href=\"https:\/\/www.youtube.com\/t\/terms\" target=\"_blank\" rel=\"noreferrer noopener\">https:\/\/www.youtube.com\/t\/terms<\/a>\u00a0und\u00a0<a href=\"https:\/\/policies.google.com\/privacy\" target=\"_blank\" rel=\"noreferrer noopener\">https:\/\/policies.google.com\/privacy<\/a>.<\/p><p><!-- \/wp:paragraph --><\/p><p><!-- wp:paragraph --><\/p><p><!-- \/wp:paragraph --><\/p><p><!-- wp:heading {\"level\":6} --><\/p><h6>5.6 \u2013 GOOGLE RECAPTCHA<\/h6><p><!-- \/wp:heading --><\/p><p><!-- wp:paragraph --><\/p><p>Wir nutzen die reCAPTCHA Funktion der Google LLC, 1600 Amphitheatre Parkway, Mountain View, CA 94043, USA, bzw. wenn Sie Ihren gew\u00f6hnlichen Aufenthalt in der Europ\u00e4ischen Union (EU), dem Europ\u00e4ischen Wirtschaftsraum (EWR) oder der Schweiz haben, Google Ireland Limited, Gordon House, Barrow Street, Dublin 4, Irland (&#8222;Google&#8220;).<\/p><p><!-- \/wp:paragraph --><\/p><p><!-- wp:paragraph --><\/p><p>Mit reCAPTCHA soll \u00fcberpr\u00fcft werden, ob die Dateneingabe auf unserer Webseite (z.B. in einem Kontaktformular) durch einen Menschen oder durch ein automatisiertes Programm erfolgt. Hierzu analysiert reCAPTCHA das Verhalten des Webseitenbesuchers anhand verschiedener Merkmale. Diese Analyse beginnt automatisch, sobald der Webseitenbesucher die Webseite betritt. Zur Analyse wertet reCAPTCHA verschiedene Informationen aus (z.B. IP-Adresse, Verweildauer des Webseitenbesuchers auf der Webseite oder vom Nutzer get\u00e4tigte Mausbewegungen). Die reCAPTCHA-Analysen laufen vollst\u00e4ndig im Hintergrund. Webseitenbesucher werden nicht darauf hingewiesen, dass eine Analyse stattfindet.<\/p><p><!-- \/wp:paragraph --><\/p><p><!-- wp:paragraph --><\/p><p>Der Dienst umfasst auch den Versand der IP-Adresse und ggf. weiterer von Google f\u00fcr den Dienst reCAPTCHA ben\u00f6tigter Daten an Google und erfolgt auf Grundlage unseres berechtigten Interesses an der Feststellung der individuellen Willensgetragenheit von Handlungen im Internet und der Vermeidung von Missbrauch und Spam.<\/p><p><!-- \/wp:paragraph --><\/p><p><!-- wp:paragraph --><\/p><p>Soweit personenbezogene Daten in den USA verarbeitet werden, weisen wir Sie daraufhin, dass Google unter den Swiss-U.S. und EU-U.S. Privacy-Shield-Abkommen zertifiziert ist und hierdurch eine Garantie bietet, das schweizerische bzw. europ\u00e4ische Datenschutzrecht einzuhalten (<a href=\"https:\/\/www.privacyshield.gov\/participant?id=a2zt000000001L5AAI&amp;status=Active\" target=\"_blank\" rel=\"noreferrer noopener\">https:\/\/www.privacyshield.gov\/participant?id=a2zt000000001L5AAI&amp;status=Active<\/a>).<\/p><p><!-- \/wp:paragraph --><\/p><p><!-- wp:paragraph --><\/p><p>Weitere Informationen zu Google reCAPTCHA sowie die Datenschutzerkl\u00e4rung von Google finden Sie unter:\u00a0<a href=\"https:\/\/policies.google.com\/privacy\" target=\"_blank\" rel=\"noreferrer noopener\">https:\/\/policies.google.com\/privacy<\/a>.<\/p><p><!-- \/wp:paragraph --><\/p><p><!-- wp:paragraph --><\/p><p><!-- \/wp:paragraph --><\/p><p><!-- wp:heading {\"level\":6} --><\/p><h6>5.7 \u2013 BEZAHLDIENSTE UND PAYMENT-VERFAHREN<\/h6><p><!-- \/wp:heading --><\/p><p><!-- wp:paragraph --><\/p><p>\u00dcber die Schnittstelle der e-payment-Plattform von Saferpay k\u00f6nnen alle g\u00e4ngigen Zahlungsmittel verarbeitet werden. Anbieter von Saferpay ist die SIX Payment Services mit Sitz in Z\u00fcrch. Saferpay erf\u00fcllt die g\u00e4ngigen Sicherheitsstandards, insbesondere den Payment Card Industry Data Security Standard (PCI DSS).<\/p><p><!-- \/wp:paragraph --><\/p><p><!-- wp:paragraph --><\/p><p>Weitere Informationen finden Sie in der Datenschutzerkl\u00e4rung der SIX Payment Services unter:\u00a0<a href=\"https:\/\/www.six-payment-services.com\/de\/services\/legal\/privacy-statement.html\" target=\"_blank\" rel=\"noreferrer noopener\">https:\/\/www.six-payment-services.com\/de\/services\/legal\/privacy-statement.html<\/a>.<\/p><p><!-- \/wp:paragraph --><\/p><p><!-- wp:paragraph --><\/p><p><!-- \/wp:paragraph --><\/p><p><!-- wp:heading {\"level\":6} --><\/p><h6>5.8 &#8211; MAUTIC<\/h6><p><!-- \/wp:heading --><\/p><p><!-- wp:paragraph --><\/p><p>Wir setzen auf dieser Website Mautic (<a href=\"https:\/\/www.mautic.org\/\" target=\"_blank\" rel=\"noreferrer noopener\">www.mautic.org<\/a>) ein. Dies ist eine Analyse- und Trackingsoftware f\u00fcr die Zuordnung und Speicherung von Nutzungsdaten (u.a. verwendeter Browser, zuletzt besuchte Seite, Dauer des Aufenthaltes). Die Software nutzt diese Informationen, um unsere Marketingmassnahmen zu individualisieren und besser auf die Interessen jedes einzelnen Nutzers auszurichten. Ausserdem hilft uns die Software dabei, den Erfolg einzelner Marketingmassnahmen besser auszuwerten.<\/p><p><!-- \/wp:paragraph --><\/p><p><!-- wp:paragraph --><\/p><p>Mautic betreibt sog. E-Mail-Marketing, wobei Ihnen personalisierte E-Mails zugesandt werden. Diese basieren z.T. auf dem Nutzungsverhalten beim Besuch unserer Internetseite, beim Lesen unserer E-Mails und beim Interagieren mit den darin enthaltenen Links. Des Weiteren werden E-Mails auch im Rahmen von Kampagnen versendet. Auch erfasst Mautic Informationen von Ihnen, wenn Sie Landingpages anklicken. Landingpages sind spezielle Webseiten, die als Ziel von Werbekampagnen definiert wurden. Sie enthalten meist Interaktionsm\u00f6glichkeiten, z.B. zum Download von Whitepapern oder Checklisten. F\u00fcr die Zuordnung der Einzelaktivit\u00e4ten zu anonymen Profilen nutzt die Software zudem verschiedene technische Verfahren wie Tracking Pixel (um zu erkennen, ob z.B. eine E-Mail ge\u00f6ffnet wurde) und personalisierte Links (um zu erkennen, ob z.B. ein Nutzer einen Link aus einer E-Mail aufruft). Zudem nutzt die Software f\u00fcr das anonyme Profil ebenfalls Cookies und die aktuell genutzte IP-Adresse, um Nutzer der Webseite wiederzuerkennen.\u00a0<\/p><p><!-- \/wp:paragraph --><\/p><p><!-- wp:paragraph --><\/p><p>F\u00fcr diese Aktivit\u00e4ten werden insbesondere Daten wie die Anzahl der Seitenaufrufe und Verweildauer des Webseiten Besuchers, der Klickpfad des jeweiligen Besuchers, Downloads von Dateien, die \u00fcber die Webseite bereitgestellt werden, Besuche von Landingpages, die Aktivit\u00e4t auf unserer Webseite und \u00d6ffnungen von E-Mails aus Newsletter und Kampagnen genutzt. Im Rahmen einer Registrierung auf der Website oder des Downloads eines Whitepapers erhebt der Anbieter durch die Nutzung von &#8222;Mautic&#8220; Kontaktdaten (wie Firma, Name, Post- oder E-Mail-Adresse, Telefon- oder Faxnummer), gesch\u00e4ftliche Kontaktdaten (wie Ihre Berufsbezeichnung, den Namen Ihres Gesch\u00e4ftsbetriebes, gesch\u00e4ftliche E-Mail-Adresse, Telefon- oder Faxnummer), die IP-Adresse des Endger\u00e4tes, von dem die Nutzung der Website stattfindet (eine Ziffernfolge, die Ihren derzeitigen Computeranschluss im Internet identifiziert).<\/p><p><!-- \/wp:paragraph --><\/p><p><!-- wp:paragraph --><\/p><p><!-- \/wp:paragraph --><\/p><p><!-- wp:heading {\"level\":5} --><\/p><h6>6 \u2013 Social Media Plugins<\/h6><p><!-- \/wp:heading --><\/p><p><!-- wp:paragraph --><\/p><p>Wir setzen derzeit folgende Social Media Plugins (Plugins) ein: Facebook, Twitter, Instagram, YouTube und LinkedIn.\u00a0<\/p><p><!-- \/wp:paragraph --><\/p><p><!-- wp:paragraph --><\/p><p>Den Anbieter des Plugins erkennen Sie \u00fcber die Markierung auf dem Kasten \u00fcber seinen Anfangsbuchstaben oder das Logo. Die Einbindung der Plugins erfolgt lediglich durch eine Verlinkung. Wenn Sie unsere Webseite besuchen, werden daher keine Daten automatisch an die aufgef\u00fchrten Plug-In-Anbieter \u00fcbermittelt. Erst wenn Sie selbst aktiv auf eines der auf der Webseite aufgef\u00fchrten Plugins klicken, wird eine Verbindung zwischen Ihrem Browser und dem Server des betreffenden sozialen Netzwerkes hergestellt und Daten an den jeweiligen Anbieter \u00fcbermittelt. Auf die Art und den Umfang der Daten, die von den sozialen Netzwerken dann erhoben werden, haben wir keinen Einfluss.<\/p><p><!-- \/wp:paragraph --><\/p><p><!-- wp:paragraph --><\/p><p>Wir weisen Sie darauf hin, dass Sie unsere Social-Media-Seiten sowie ihre Funktionen in eigener Verantwortung nutzen. Dies gilt insbesondere f\u00fcr die Nutzung der interaktiven Funktionen (z.B. Kommentieren, Teilen, Bewerten). Wir weisen Sie zudem darauf hin, dass die in diesem Zusammenhang \u00fcber Sie erhobenen Daten von den jeweiligen sozialen Netzwerken verarbeitet und dabei gegebenenfalls in L\u00e4nder ausserhalb der Schweiz bzw. der EU\/des EWR \u00fcbermittelt werden. Welche Informationen die sozialen Netzwerke erhalten und wie diese verwendet werden, entnehmen Sie bitte den Datenschutzerkl\u00e4rungen der jeweiligen Netzwerke. Dort finden Sie auch Informationen \u00fcber Kontaktm\u00f6glichkeiten sowie zu den Einstellm\u00f6glichkeiten zum Schutz Ihrer Privatsph\u00e4re. Die Datenschutzerkl\u00e4rungen k\u00f6nnen Sie hier einsehen:\u00a0<\/p><p><!-- \/wp:paragraph --><\/p><p><!-- wp:list --><\/p><ul><li style=\"list-style-type: none;\"><ul><!-- wp:list-item --><\/ul><\/li><li><a href=\"https:\/\/www.facebook.com\/policy.php\" target=\"_blank\" rel=\"noreferrer noopener\">https:\/\/www.facebook.com\/policy.php<\/a>; F\u00fcr die Verarbeitung personenbezogener Daten Verantwortlicher ist, Meta Platforms Inc., 1601 S California Ave, Palo Alto, California 94304, USA, bzw. wenn Sie Ihren gew\u00f6hnlichen Aufenthalt in der Europ\u00e4ischen Union (EU), dem Europ\u00e4ischen Wirtschaftsraum (EWR) oder der Schweiz haben, Meta Platforms Ireland Ltd., 4 Grand Canal Square, Grand Canal Harbour, Dublin 2, Ireland.<\/li><li>Facebook ist unter den Swiss-US und EU-US Privacy-Shield-Abkommen zertifiziert,\u00a0<a href=\"https:\/\/www.privacyshield.gov\/participant?id=a2zt0000000GnywAAC&amp;status=Active\" target=\"_blank\" rel=\"noreferrer noopener\">https:\/\/www.privacyshield.gov\/participant?id=a2zt0000000GnywAAC&amp;status=Active<\/a>.<\/li><li><a href=\"https:\/\/twitter.com\/de\/privacy\" target=\"_blank\" rel=\"noreferrer noopener\">https:\/\/twitter.com\/de\/privacy<\/a>; F\u00fcr die Verarbeitung personenbezogener Daten Verantwortlicher ist Twitter Inc.,1355 Market Street, Suite 900, San Francisco, CA 94103, USA bzw. wenn Sie Ihren gew\u00f6hnlichen Aufenthalt in der Europ\u00e4ischen Union (EU), dem Europ\u00e4ischen Wirtschaftsraum (EWR) oder der Schweiz haben, Twitter International Company, One Cumberland Place, Fenian Street Dublin 2, D02 AX07, Ireland.<\/li><li>Twitter ist unter den Swiss-US und EU-US Privacy-Shield-Abkommen zertifiziert,\u00a0<a href=\"https:\/\/www.privacyshield.gov\/participant?id=a2zt0000000TORzAAO&amp;status=Active\" target=\"_blank\" rel=\"noreferrer noopener\">https:\/\/www.privacyshield.gov\/participant?id=a2zt0000000TORzAAO&amp;status=Active<\/a>.<\/li><li><a href=\"https:\/\/instagram.com\/about\/legal\/privacy\/\" target=\"_blank\" rel=\"noreferrer noopener\">https:\/\/instagram.com\/about\/legal\/privacy\/<\/a><strong>;<\/strong>\u00a0Instagram Inc., 1601 Willow Road, Menlo Park, CA 94025, USA.<\/li><li><a href=\"https:\/\/policies.google.com\/privacy\" target=\"_blank\" rel=\"noreferrer noopener\">https:\/\/policies.google.com\/privacy<\/a>; F\u00fcr die Verarbeitung personenbezogener Daten Verantwortlicher ist GoogleLLC \/ YouTube LLC, 1600 Amphitheatre Parkway, Moun-tain View, CA 94043, USA, bzw. wenn Sie Ihren gew\u00f6hnlichen Aufenthalt in der Europ\u00e4i-schen Union (EU), dem Europ\u00e4ischen Wirtschaftsraum (EWR) oder der Schweiz haben, Google Ireland Limited, Gordon House, Barrow Street, Dublin 4, Irland.<\/li><li>Google ist unter den Swiss-US und EU-US Privacy-Shield-Abkommen zertifiziert,\u00a0<a href=\"https:\/\/www.privacyshield.gov\/participant?id=a2zt000000001L5AAI&amp;status=Active\" target=\"_blank\" rel=\"noreferrer noopener\">https:\/\/www.privacyshield.gov\/participant?id=a2zt000000001L5AAI&amp;status=Active<\/a>.<\/li><li><a href=\"https:\/\/www.linkedin.com\/legal\/privacy-policy\" target=\"_blank\" rel=\"noreferrer noopener\">https:\/\/www.linkedin.com\/legal\/privacy-policy<\/a>; F\u00fcr die Verarbeitung personenbezogener Daten Verantwortlicher ist, LinkedIn Corporation, 2029 Stierlin Ct, Mountain View, CA 94043, USA, bzw. wenn Sie Ihren gew\u00f6hnlichen Aufenthalt in der Europ\u00e4ischen Union (EU), dem Europ\u00e4ischen Wirtschaftsraum (EWR) oder der Schweiz haben, LinkedIn Ireland, Unlimited Company, Wilton Plaza, Wilton Place, Dublin 2, Ireland.<\/li><li>LinkedIn ist unter den Swiss-US und EU-US Privacy-Shield-Abkommen zertifiziert,\u00a0<a href=\"https:\/\/www.privacyshield.gov\/participant?id=a2zt0000000L0UZAA0&amp;status=Active\" target=\"_blank\" rel=\"noreferrer noopener\">https:\/\/www.privacyshield.gov\/participant?id=a2zt0000000L0UZAA0&amp;status=Active<\/a>.<\/li><\/ul><p><!-- \/wp:list-item --><\/p><p><!-- wp:list-item --><\/p><p><!-- \/wp:list-item --><\/p><p><!-- wp:list-item --><\/p><p><!-- \/wp:list-item --><\/p><p><!-- wp:list-item --><\/p><p><!-- \/wp:list-item --><\/p><p><!-- wp:list-item --><\/p><p><!-- \/wp:list-item --><\/p><p><!-- wp:list-item --><\/p><p><!-- \/wp:list-item --><\/p><p><!-- wp:list-item --><\/p><p><!-- \/wp:list-item --><\/p><p><!-- wp:list-item --><\/p><p><!-- \/wp:list-item --><\/p><p><!-- wp:list-item --><\/p><p><!-- \/wp:list-item --><\/p><p><!-- \/wp:list --><\/p><p><!-- wp:paragraph --><\/p><p><!-- \/wp:paragraph --><\/p><p><!-- wp:heading {\"level\":5} --><\/p><h6>7 \u2013 Massgebliche Rechtsgrundlagen<\/h6><p><!-- \/wp:heading --><\/p><p><!-- wp:paragraph --><\/p><p>Als Rechtsgrundlage zur Verarbeitung Ihrer personenbezogenen Daten dient uns regelm\u00e4ssig:<\/p><p><!-- \/wp:paragraph --><\/p><p><!-- wp:list --><\/p><ul><li style=\"list-style-type: none;\"><ul><!-- wp:list-item --><\/ul><\/li><li>Ihre Einwilligung, die Sie jederzeit widerrufen k\u00f6nnen (etwa f\u00fcr den Bezug unseres Newsletters oder Ihre Registrierung f\u00fcrs Kundenkonto);\u00a0<\/li><li>der Abschluss oder die Erf\u00fcllung eines Vertrags mit Ihnen oder Ihre Anfrage im Vorfeld dazu (Vorvertrag) (indem Sie etwa bei uns Produkte, Dienstleistungen bestellen oder eine Stellenbewerbung einreichen);<\/li><li>die Wahrung unserer berechtigten Interessen unsererseits (wenn etwa Ihre beruflichen Kontaktdaten erfasst werden bei einer Bestellung\/Kontaktaufnahme, die Sie im Auftrag Ihrer Arbeitgeberin machen);\u00a0<\/li><li>eine rechtliche Verpflichtung (etwa f\u00fcr die Aufbewahrung von Belegen durch uns);<\/li><li>gegebenenfalls lebenswichtige Interessen.<\/li><\/ul><p><!-- \/wp:list-item --><\/p><p><!-- wp:list-item --><\/p><p><!-- \/wp:list-item --><\/p><p><!-- wp:list-item --><\/p><p><!-- \/wp:list-item --><\/p><p><!-- wp:list-item --><\/p><p><!-- \/wp:list-item --><\/p><p><!-- wp:list-item --><\/p><p><!-- \/wp:list-item --><\/p><p><!-- \/wp:list --><\/p><p><!-- wp:paragraph --><\/p><p><!-- \/wp:paragraph --><\/p><p><!-- wp:heading {\"level\":5} --><\/p><h6>8 \u2013 Speicherdauer<\/h6><p><!-- \/wp:heading --><\/p><p><!-- wp:paragraph --><\/p><p>Sofern nicht im Rahmen dieser Datenschutzerkl\u00e4rung ausdr\u00fccklich angegeben, verarbeiten und speichern wir Ihre personenbezogenen Daten nur so lange, wie es f\u00fcr die Erf\u00fcllung unserer vertraglichen und gesetzlichen Pflichten oder sonst f\u00fcr die mit der Verarbeitung verfolgten Zwecke erforderlich ist, d.h. also z.B. f\u00fcr die Dauer der gesamten Gesch\u00e4ftsbeziehung (von der Anbahnung, Abwicklung bis zur Beendigung eines Vertrags und der Garantielaufzeit sowie einer anschliessenden Betreuungsphase) sowie dar\u00fcber hinaus gem\u00e4ss den gesetzlichen Aufbewahrungs- und Dokumentationsfristen. M\u00f6glich ist ferner, dass personenbezogene Daten f\u00fcr die Zeit aufbewahrt werden, in der Anspr\u00fcche gegen uns geltend gemacht werden k\u00f6nnen und soweit wir anderweitig gesetzlich dazu verpflichtet sind oder berechtigte Gesch\u00e4ftsinteressen dies erfordern (z.B. f\u00fcr Beweis- und Dokumentationszwecke).<\/p><p><!-- \/wp:paragraph --><\/p><p><!-- wp:paragraph --><\/p><p>Sobald Ihre personenbezogenen Daten f\u00fcr die oben genannten Zwecke nicht mehr erforderlich sind oder eine vorgeschriebene Aufbewahrungsfrist abl\u00e4uft, werden Ihre personenbezogenen Daten grunds\u00e4tzlich und soweit m\u00f6glich gel\u00f6scht oder gesperrt.<\/p><p><!-- \/wp:paragraph --><\/p><p><!-- wp:paragraph --><\/p><p><!-- \/wp:paragraph --><\/p><p><!-- wp:heading {\"level\":5} --><\/p><h6>9 \u2013 Datensicherheit<\/h6><p><!-- \/wp:heading --><\/p><p><!-- wp:paragraph --><\/p><p>Wir treffen technische, vertragliche und organisatorische Massnahmen zur Sicherheit der Datenverarbeitung entsprechend dem Stand der Technik. Damit stellen wir sicher, dass die Vorschriften der Datenschutzgesetze eingehalten werden, und die durch uns verarbeiteten personenbezogenen Daten gegen Manipulationen, Verlust, Zerst\u00f6rung oder gegen den Zugriff unberechtigter Personen gesch\u00fctzt sind. Zu diesen Sicherheitsmassnahmen geh\u00f6rt unter anderem die Verwendung von anerkannten Verschl\u00fcsselungsverfahren (z.B. Verschl\u00fcsselung mittels SSL\/TLS). Unsere Sicherheitsmassnahmen werden entsprechend der technologischen Entwicklung fortlaufend verbessert.\u00a0<\/p><p><!-- \/wp:paragraph --><\/p><p><!-- wp:paragraph --><\/p><p>Auch den eigenen, unternehmensinternen Datenschutz nehmen wir ernst. Unsere Mitarbeitenden und die von uns beauftragten Dienstleistungsunternehmen sind zur Verschwiegenheit und zur Einhaltung der datenschutzrechtlichen Bestimmungen verpflichtet. \u00dcberdies wird diesen der Zugriff auf Ihre personenbezogenen Daten nur soweit notwendig gew\u00e4hrt.<\/p><p><!-- \/wp:paragraph --><\/p><p><!-- wp:paragraph --><\/p><p><!-- \/wp:paragraph --><\/p><p><!-- wp:heading {\"level\":5} --><\/p><h6>10 \u2013 Minderj\u00e4hrige<\/h6><p><!-- \/wp:heading --><\/p><p><!-- wp:paragraph --><\/p><p>Unsere Webseite und unser Angebot richtet sich an ein erwachsenes Publikum. Es ist Minderj\u00e4hrigen, insbesondere Kindern unter 16 Jahren, untersagt, ohne Einwilligung respektive Zustimmung der Eltern oder Erziehungsberechtigten, personenbezogene Daten von sich an uns zu \u00fcbermitteln oder sich f\u00fcr eine Dienstleistung anzumelden. Stellen wir fest, dass solche Daten an uns \u00fcbermittelt worden sind, werden diese unverz\u00fcglich gel\u00f6scht. Die Eltern (oder der gesetzliche Vertreter) des Kindes k\u00f6nnen mit uns in Kontakt treten und die L\u00f6schung oder die Abmeldung beantragen.<\/p><p><!-- \/wp:paragraph --><\/p><p><!-- wp:paragraph --><\/p><p><!-- \/wp:paragraph --><\/p><p><!-- wp:heading {\"level\":5} --><\/p><h6>11 \u2013 Links zu anderen Webseiten<\/h6><p><!-- \/wp:heading --><\/p><p><!-- wp:paragraph --><\/p><p>Unsere Webseite kann Links zu anderen Webseiten enthalten, die nicht von uns betrieben werden und auf die sich diese Datenschutzerkl\u00e4rung nicht erstreckt. Nach Anklicken des Links haben wir keinen Einfluss mehr auf die Verarbeitung etwaiger Dritten \u00fcbertragener Daten (wie z.B. der IP-Adresse), da das Verhalten Dritter naturgem\u00e4ss unserer Kontrolle entzogen ist. Deshalb k\u00f6nnen wir f\u00fcr diese fremden Inhalte auch keine Gew\u00e4hr \u00fcbernehmen. F\u00fcr die Inhalte der verlinkten Seiten ist stets der jeweilige Anbieter oder Betreiber der Seiten verantwortlich.\u00a0<\/p><p><!-- \/wp:paragraph --><\/p><p><!-- wp:paragraph --><\/p><p>Die verlinkten Seiten wurden zum Zeitpunkt der Verlinkung auf m\u00f6gliche Rechtsverst\u00f6sse und erkennbare Rechtsverletzungen gepr\u00fcft. Rechtswidrige Inhalte waren zum Zeitpunkt der Verlinkung nicht erkennbar. Eine permanente inhaltliche Kontrolle und Pr\u00fcfung der verlinkten Seiten ohne konkrete Anhaltspunkte einer Rechtsverletzung ist jedoch nicht zumutbar. Bei Bekanntwerden von Rechtsverletzungen werden derartige Links umgehend entfernt.<\/p><p><!-- \/wp:paragraph --><\/p><p><!-- wp:paragraph --><\/p><p><!-- \/wp:paragraph --><\/p><p><!-- wp:paragraph --><\/p><p><!-- \/wp:paragraph --><\/p><p><!-- wp:heading {\"level\":5} --><\/p><h6>12 \u2013 Video\u00fcberwachung<\/h6><p><!-- \/wp:heading --><\/p><p><!-- wp:paragraph --><\/p><p>S\u00e4mtliche Kameras werden aktiviert, wenn Bewegungen davor von Bewegungsmeldern wahrgenommen werden. Bei geschlossener Filiale erfolgt nur eine Aufzeichnung, wenn ein Alarm ausgel\u00f6st wird.<\/p><p><!-- \/wp:paragraph --><\/p><p><!-- wp:paragraph --><\/p><p>Die Video\u00fcberwachung erfolgt zu folgenden Zwecken, die zugleich unsere berechtigten Interessen darstellen:<\/p><p><!-- \/wp:paragraph --><\/p><p><!-- wp:paragraph --><\/p><ul><li>Zur Wahrung des Hausrechts<\/li><li>Zum Schutz unserer Kunden, Lieferanten und Mitarbeiter vor Gefahrensituationen und \u00dcberf\u00e4llen<\/li><li>Zum Schutz des Eigentums (der Geb\u00e4ude samt Einrichtung, der Geldbest\u00e4nde und der Waren) und der Mitarbeiter<\/li><li>Zur Beweissicherung<\/li><\/ul><p><!-- \/wp:paragraph --><\/p><p><!-- wp:paragraph --><\/p><p>In Einzelf\u00e4llen kann, dem Zweck entsprechend, eine Weitergabe der Aufzeichnungen an Strafverfolgungsbeh\u00f6rden, Gerichte und Versicherungen erfolgen.\u00a0Zudem k\u00f6nnen technische Dienstleister sowie Ladendetektive in die Video\u00fcberwachung eingebunden sein. Ansonsten werden Videoaufzeichnungen nicht weitergegeben und nur im Anlassfall durch befugte Mitarbeiterinnen und Mitarbeiter der Staeger AG eingesehen.<\/p><p><!-- \/wp:paragraph --><\/p><p><!-- wp:paragraph --><\/p><p>Die L\u00f6schung der Daten erfolgt systemseitig sp\u00e4testens nach 72 Stunden, sofern keine Vorf\u00e4lle im Sinne des berechtigten Interesses der Staeger AG vorliegen, die eine l\u00e4ngere Speicherung erfordern (z.B. laufendes Verfahren)<\/p><p><!-- \/wp:paragraph --><\/p><p><!-- wp:paragraph --><\/p><p>Die Kundinnen und Kunden werden mittels eines Banners (links neben dem Haupteingang) auf die Video\u00fcberwachungskameras aufmerksam gemacht. Es hat ca. eine Gr\u00f6sse von 5&#215;32 Zentimetern. Die Information befindet sich in etwa auf der H\u00f6he von 130 Zentimetern. Zudem sind die Kameras im Geb\u00e4ude gut sichtbar.<\/p><p><!-- \/wp:paragraph --><\/p><p><!-- wp:paragraph --><\/p><p><!-- \/wp:paragraph --><\/p><p><!-- wp:heading {\"level\":5} --><\/p><h6>13 \u2013 Ihre Rechte als betroffene Personen<\/h6><p><!-- \/wp:heading --><\/p><p><!-- wp:paragraph --><\/p><p><strong>Auskunftsrecht<\/strong><br \/>Sie haben das Recht, von uns Auskunft dar\u00fcber zu verlangen, ob und wenn ja, welche personenbezogene Daten wir von Ihnen verarbeiten.<\/p><p><!-- \/wp:paragraph --><\/p><p><!-- wp:paragraph --><\/p><p><strong>Recht auf Berichtigung<\/strong><br \/>Sie haben das Recht, die Berichtigung Ihrer unrichtigen personenbezogenen Daten und gegebenenfalls die Vervollst\u00e4ndigung unvollst\u00e4ndiger personenbezogener Daten in unseren Systemen zu verlangen.\u00a0<\/p><p><!-- \/wp:paragraph --><\/p><p><!-- wp:paragraph --><\/p><p><strong>Recht auf L\u00f6schung<\/strong><br \/>Sie haben das Recht zu verlangen, dass Ihre personenbezogenen Daten gel\u00f6scht werden, zum Beispiel wenn die Daten f\u00fcr die verfolgten Zwecke nicht mehr ben\u00f6tigt werden. Falls wir jedoch verpflichtet oder berechtigt sind, Ihre personenbezogenen Daten aufgrund gesetzlicher oder vertraglicher Pflichten dennoch zu behalten, k\u00f6nnen wir in diesen F\u00e4llen Ihre personenbezogenen Daten daher nur soweit erforderlich einschr\u00e4nken bzw. sperren.<\/p><p><!-- \/wp:paragraph --><\/p><p><!-- wp:paragraph --><\/p><p><strong>Recht auf Einschr\u00e4nkung der Verarbeitung<\/strong><br \/>Sie haben unter bestimmten Voraussetzungen das Recht, von uns die Einschr\u00e4nkung der Verarbeitung Ihrer personenbezogenen Daten zu verlangen.<\/p><p><!-- \/wp:paragraph --><\/p><p><!-- wp:paragraph --><\/p><p><strong>Recht auf Daten\u00fcbertragbarkeit<\/strong><br \/>Sie haben gegebenenfalls das Recht, Ihre personenbezogenen Daten, die Sie uns bereitgestellt haben, in einem strukturierten, g\u00e4ngigen und maschinenlesbaren Format zu erhalten bzw. die \u00dcbermittlung dieser Daten an einen Dritten zu verlangen. Sofern Sie die direkte \u00dcbertragung der personenbezogenen Daten an einen anderen Verantwortlichen verlangen, erfolgt dies nur, soweit dies technisch machbar ist.<\/p><p><!-- \/wp:paragraph --><\/p><p><!-- wp:paragraph --><\/p><p><strong>Widerspruchsrecht<\/strong><br \/>Sie haben das Recht, der Verarbeitung Ihrer personenbezogenen Daten jederzeit gem\u00e4ss den gesetzlichen Vorgaben zu widersprechen. Insbesondere haben Sie das Recht auf Widerspruch gegen die Verarbeitung Ihrer personenbezogenen Daten zum Zwecke der Direktwerbung.<\/p><p><!-- \/wp:paragraph --><\/p><p><!-- wp:paragraph --><\/p><p><strong>Widerruf der Einwilligung<\/strong><br \/>Sie haben das Recht, Ihre Einwilligung zur Verarbeitung Ihrer personenbezogenen Daten, grunds\u00e4tzlich mit Auswirkung f\u00fcr die Zukunft, jederzeit zu widerrufen. Durch den Widerruf der Einwilligung wird die Rechtm\u00e4ssigkeit der aufgrund der Einwilligung bis zum Widerruf erfolgten Verarbeitung nicht ber\u00fchrt.<\/p><p><!-- \/wp:paragraph --><\/p><p><!-- wp:paragraph --><\/p><p><strong>Beschwerderecht<\/strong><br \/>Je nach anwendbarer Datenschutzgesetzgebung haben Sie gegebenenfalls das Recht auf Beschwerde bei der f\u00fcr Sie zust\u00e4ndigen Datenschutzbeh\u00f6rde.\u00a0<\/p><p><!-- \/wp:paragraph --><\/p><p><!-- wp:paragraph --><\/p><p>Bitte beachten Sie, dass f\u00fcr diese Rechte Ausnahmen und Einschr\u00e4nkungen gelten. Insbesondere m\u00fcssen wir Ihre personenbezogenen Daten gegebenenfalls weiterverarbeiten und speichern, um einen Vertrag mit Ihnen zu erf\u00fcllen, um gesetzliche Verpflichtungen einzuhalten, oder aber um eigene schutzw\u00fcrdige Interessen zu wahren. Soweit rechtlich zul\u00e4ssig, k\u00f6nnen wir daher Ihre datenschutzbezogenen Begehren auch ablehnen oder diesen nur eingeschr\u00e4nkt entsprechen.\u00a0<\/p><p><!-- \/wp:paragraph --><\/p><p><!-- wp:paragraph --><\/p><p>F\u00fcr Fragen im Zusammenhang mit dem von uns gelebten Datenschutz und f\u00fcr Informationen bez\u00fcglich Ihrer Rechte sowie f\u00fcr deren Geltendmachung k\u00f6nnen Sie sich an uns unter den in Ziffer 1 dieser Datenschutzerkl\u00e4rung angegebenen Kontaktm\u00f6glichkeiten wenden. Falls notwendig, behalten wir uns vor, f\u00fcr die Verarbeitung von Anfragen in geeigneter Weise um Ihre Identifikation zu ersuchen.<\/p><p><!-- \/wp:paragraph --><\/p><p><!-- wp:paragraph --><\/p><p><!-- \/wp:paragraph --><\/p><p><!-- wp:heading {\"level\":5} --><\/p><h6>14 \u2013 \u00c4nderungen der Datenschutzerkl\u00e4rung<\/h6><p><!-- \/wp:heading --><\/p><p><!-- wp:paragraph --><\/p><p>Wir behalten uns ausdr\u00fccklich das Recht vor, diese Datenschutzerkl\u00e4rung jederzeit und nach unserem freien Ermessen abzu\u00e4ndern und zu erg\u00e4nzen. \u00dcber wesentliche \u00c4nderungen werden wir Sie informieren.<\/p><p><!-- \/wp:paragraph --><\/p><p><!-- wp:paragraph --><\/p><p><!-- \/wp:paragraph --><\/p><p><!-- wp:paragraph --><\/p><p>Zuletzt aktualisiert am 26. September 2025<\/p>\t\t\t\t\t\t\t\t<\/div>\n\t\t\t\t\t<\/div>\n\t\t\t\t<\/div>\n\t\t\t\t<\/div>\n\t\t","protected":false},"excerpt":{"rendered":"<p>Datenschutzerkl\u00e4rung Das wichtigste zu unserer Datenschutzerkl\u00e4rung 1 \u2013 Welche Daten erfassen wir? Bestandsdaten (zum Beispiel Personen-Stammdaten, Namen und Adressen) Kontaktdaten (zum Beispiel E-Mail, Telefonnummern) Inhaltsdaten (zum Beispiel Texteingaben, Zahleneingaben, Fotografien, Videos). Meta-\/Kommunikationsdaten (zum Beispiel Ger\u00e4te-Informationen, IP-Adressen) Zahlungsdaten (zum Beispiel Bankverbindung, Zahlungshistorie, etc.) 2 \u2013 Wer ist von unserer Datenverarbeitung betroffen? Nutzer des Onlineangebotes, Besucher, Dienstleistungs- [&hellip;]<\/p>\n","protected":false},"author":1,"featured_media":0,"parent":0,"menu_order":0,"comment_status":"closed","ping_status":"closed","template":"","meta":{"footnotes":""},"class_list":["post-126","page","type-page","status-publish","hentry"],"yoast_head":"<!-- This site is optimized with the Yoast SEO Premium plugin v27.4 (Yoast SEO v27.4) - https:\/\/yoast.com\/product\/yoast-seo-premium-wordpress\/ -->\n<title>Datenschutzerkl\u00e4rung - Bang &amp; Olufsen STAEGER AG Thalwil - St\u00e4fa<\/title>\n<meta name=\"robots\" content=\"index, follow, max-snippet:-1, max-image-preview:large, max-video-preview:-1\" \/>\n<link rel=\"canonical\" href=\"https:\/\/staegerag.ch\/bang-olufsen\/datenschutzerklaerung\/\" \/>\n<meta property=\"og:locale\" content=\"de_DE\" \/>\n<meta property=\"og:type\" content=\"article\" \/>\n<meta property=\"og:title\" content=\"Datenschutzerkl\u00e4rung\" \/>\n<meta property=\"og:description\" content=\"Datenschutzerkl\u00e4rung Das wichtigste zu unserer Datenschutzerkl\u00e4rung 1 \u2013 Welche Daten erfassen wir? Bestandsdaten (zum Beispiel Personen-Stammdaten, Namen und Adressen) Kontaktdaten (zum Beispiel E-Mail, Telefonnummern) Inhaltsdaten (zum Beispiel Texteingaben, Zahleneingaben, Fotografien, Videos). Meta-\/Kommunikationsdaten (zum Beispiel Ger\u00e4te-Informationen, IP-Adressen) Zahlungsdaten (zum Beispiel Bankverbindung, Zahlungshistorie, etc.) 2 \u2013 Wer ist von unserer Datenverarbeitung betroffen? Nutzer des Onlineangebotes, Besucher, Dienstleistungs- [&hellip;]\" \/>\n<meta property=\"og:url\" content=\"https:\/\/staegerag.ch\/bang-olufsen\/datenschutzerklaerung\/\" \/>\n<meta property=\"og:site_name\" content=\"Bang &amp; Olufsen STAEGER AG Thalwil - St\u00e4fa\" \/>\n<meta property=\"article:modified_time\" content=\"2025-09-26T09:27:42+00:00\" \/>\n<meta property=\"og:image\" content=\"https:\/\/staegerag.ch\/bang-olufsen\/wp-content\/uploads\/sites\/2\/2025\/11\/website.png\" \/>\n\t<meta property=\"og:image:width\" content=\"1200\" \/>\n\t<meta property=\"og:image:height\" content=\"675\" \/>\n\t<meta property=\"og:image:type\" content=\"image\/png\" \/>\n<script type=\"application\/ld+json\" class=\"yoast-schema-graph\">{\"@context\":\"https:\\\/\\\/schema.org\",\"@graph\":[{\"@type\":\"WebPage\",\"@id\":\"https:\\\/\\\/staegerag.ch\\\/bang-olufsen\\\/datenschutzerklaerung\\\/\",\"url\":\"https:\\\/\\\/staegerag.ch\\\/bang-olufsen\\\/datenschutzerklaerung\\\/\",\"name\":\"Datenschutzerkl\u00e4rung - Bang &amp; Olufsen STAEGER AG Thalwil - St\u00e4fa\",\"isPartOf\":{\"@id\":\"https:\\\/\\\/staegerag.ch\\\/bang-olufsen\\\/#website\"},\"datePublished\":\"2025-09-26T09:25:40+00:00\",\"dateModified\":\"2025-09-26T09:27:42+00:00\",\"breadcrumb\":{\"@id\":\"https:\\\/\\\/staegerag.ch\\\/bang-olufsen\\\/datenschutzerklaerung\\\/#breadcrumb\"},\"inLanguage\":\"de\",\"potentialAction\":[{\"@type\":\"ReadAction\",\"target\":[\"https:\\\/\\\/staegerag.ch\\\/bang-olufsen\\\/datenschutzerklaerung\\\/\"]}]},{\"@type\":\"BreadcrumbList\",\"@id\":\"https:\\\/\\\/staegerag.ch\\\/bang-olufsen\\\/datenschutzerklaerung\\\/#breadcrumb\",\"itemListElement\":[{\"@type\":\"ListItem\",\"position\":1,\"name\":\"Startseite\",\"item\":\"https:\\\/\\\/staegerag.ch\\\/bang-olufsen\\\/\"},{\"@type\":\"ListItem\",\"position\":2,\"name\":\"Datenschutzerkl\u00e4rung\"}]},{\"@type\":\"WebSite\",\"@id\":\"https:\\\/\\\/staegerag.ch\\\/bang-olufsen\\\/#website\",\"url\":\"https:\\\/\\\/staegerag.ch\\\/bang-olufsen\\\/\",\"name\":\"Bang & Olufsen STAEGER AG Thalwil - St\u00e4fa\",\"description\":\"sehen - h\u00f6ren - f\u00fchlen - erleben\",\"publisher\":{\"@id\":\"https:\\\/\\\/staegerag.ch\\\/bang-olufsen\\\/#organization\"},\"alternateName\":\"Bang & Olufsen Partner der Schweiz\",\"potentialAction\":[{\"@type\":\"SearchAction\",\"target\":{\"@type\":\"EntryPoint\",\"urlTemplate\":\"https:\\\/\\\/staegerag.ch\\\/bang-olufsen\\\/?s={search_term_string}\"},\"query-input\":{\"@type\":\"PropertyValueSpecification\",\"valueRequired\":true,\"valueName\":\"search_term_string\"}}],\"inLanguage\":\"de\"},{\"@type\":\"Organization\",\"@id\":\"https:\\\/\\\/staegerag.ch\\\/bang-olufsen\\\/#organization\",\"name\":\"Bang & Olufsen STAEGER AG Thalwil - St\u00e4fa\",\"alternateName\":\"Ihr Bang & Olufsen Partner der Schweiz\",\"url\":\"https:\\\/\\\/staegerag.ch\\\/bang-olufsen\\\/\",\"logo\":{\"@type\":\"ImageObject\",\"inLanguage\":\"de\",\"@id\":\"https:\\\/\\\/staegerag.ch\\\/bang-olufsen\\\/#\\\/schema\\\/logo\\\/image\\\/\",\"url\":\"https:\\\/\\\/staegerag.ch\\\/bang-olufsen\\\/wp-content\\\/uploads\\\/sites\\\/2\\\/2025\\\/09\\\/bo1925-bl-staegerag-scaled.png\",\"contentUrl\":\"https:\\\/\\\/staegerag.ch\\\/bang-olufsen\\\/wp-content\\\/uploads\\\/sites\\\/2\\\/2025\\\/09\\\/bo1925-bl-staegerag-scaled.png\",\"width\":2560,\"height\":857,\"caption\":\"Bang & Olufsen STAEGER AG Thalwil - St\u00e4fa\"},\"image\":{\"@id\":\"https:\\\/\\\/staegerag.ch\\\/bang-olufsen\\\/#\\\/schema\\\/logo\\\/image\\\/\"},\"sameAs\":[\"https:\\\/\\\/www.instagram.com\\\/bangolufsen_thalwil\\\/\"],\"description\":\"Die Bang & Olufsen STAEGER AG ist der anerkannte Multimedia-Spezialist und Flaggschiff-Partner von Bang & Olufsen am Z\u00fcrichsee, der High-End-Audio- und Video-L\u00f6sungen mit umfassender Beratung und Installation f\u00fcr Smart Homes anbietet.\",\"legalName\":\"Radio-Televisoin STAEGER AG\",\"foundingDate\":\"1955-12-24\",\"numberOfEmployees\":{\"@type\":\"QuantitativeValue\",\"minValue\":\"11\",\"maxValue\":\"50\"}}]}<\/script>\n<!-- \/ Yoast SEO Premium plugin. -->","yoast_head_json":{"title":"Datenschutzerkl\u00e4rung - Bang &amp; Olufsen STAEGER AG Thalwil - St\u00e4fa","robots":{"index":"index","follow":"follow","max-snippet":"max-snippet:-1","max-image-preview":"max-image-preview:large","max-video-preview":"max-video-preview:-1"},"canonical":"https:\/\/staegerag.ch\/bang-olufsen\/datenschutzerklaerung\/","og_locale":"de_DE","og_type":"article","og_title":"Datenschutzerkl\u00e4rung","og_description":"Datenschutzerkl\u00e4rung Das wichtigste zu unserer Datenschutzerkl\u00e4rung 1 \u2013 Welche Daten erfassen wir? Bestandsdaten (zum Beispiel Personen-Stammdaten, Namen und Adressen) Kontaktdaten (zum Beispiel E-Mail, Telefonnummern) Inhaltsdaten (zum Beispiel Texteingaben, Zahleneingaben, Fotografien, Videos). Meta-\/Kommunikationsdaten (zum Beispiel Ger\u00e4te-Informationen, IP-Adressen) Zahlungsdaten (zum Beispiel Bankverbindung, Zahlungshistorie, etc.) 2 \u2013 Wer ist von unserer Datenverarbeitung betroffen? Nutzer des Onlineangebotes, Besucher, Dienstleistungs- [&hellip;]","og_url":"https:\/\/staegerag.ch\/bang-olufsen\/datenschutzerklaerung\/","og_site_name":"Bang &amp; Olufsen STAEGER AG Thalwil - St\u00e4fa","article_modified_time":"2025-09-26T09:27:42+00:00","og_image":[{"width":1200,"height":675,"url":"https:\/\/staegerag.ch\/bang-olufsen\/wp-content\/uploads\/sites\/2\/2025\/11\/website.png","type":"image\/png"}],"schema":{"@context":"https:\/\/schema.org","@graph":[{"@type":"WebPage","@id":"https:\/\/staegerag.ch\/bang-olufsen\/datenschutzerklaerung\/","url":"https:\/\/staegerag.ch\/bang-olufsen\/datenschutzerklaerung\/","name":"Datenschutzerkl\u00e4rung - Bang &amp; Olufsen STAEGER AG Thalwil - St\u00e4fa","isPartOf":{"@id":"https:\/\/staegerag.ch\/bang-olufsen\/#website"},"datePublished":"2025-09-26T09:25:40+00:00","dateModified":"2025-09-26T09:27:42+00:00","breadcrumb":{"@id":"https:\/\/staegerag.ch\/bang-olufsen\/datenschutzerklaerung\/#breadcrumb"},"inLanguage":"de","potentialAction":[{"@type":"ReadAction","target":["https:\/\/staegerag.ch\/bang-olufsen\/datenschutzerklaerung\/"]}]},{"@type":"BreadcrumbList","@id":"https:\/\/staegerag.ch\/bang-olufsen\/datenschutzerklaerung\/#breadcrumb","itemListElement":[{"@type":"ListItem","position":1,"name":"Startseite","item":"https:\/\/staegerag.ch\/bang-olufsen\/"},{"@type":"ListItem","position":2,"name":"Datenschutzerkl\u00e4rung"}]},{"@type":"WebSite","@id":"https:\/\/staegerag.ch\/bang-olufsen\/#website","url":"https:\/\/staegerag.ch\/bang-olufsen\/","name":"Bang & Olufsen STAEGER AG Thalwil - St\u00e4fa","description":"sehen - h\u00f6ren - f\u00fchlen - erleben","publisher":{"@id":"https:\/\/staegerag.ch\/bang-olufsen\/#organization"},"alternateName":"Bang & Olufsen Partner der Schweiz","potentialAction":[{"@type":"SearchAction","target":{"@type":"EntryPoint","urlTemplate":"https:\/\/staegerag.ch\/bang-olufsen\/?s={search_term_string}"},"query-input":{"@type":"PropertyValueSpecification","valueRequired":true,"valueName":"search_term_string"}}],"inLanguage":"de"},{"@type":"Organization","@id":"https:\/\/staegerag.ch\/bang-olufsen\/#organization","name":"Bang & Olufsen STAEGER AG Thalwil - St\u00e4fa","alternateName":"Ihr Bang & Olufsen Partner der Schweiz","url":"https:\/\/staegerag.ch\/bang-olufsen\/","logo":{"@type":"ImageObject","inLanguage":"de","@id":"https:\/\/staegerag.ch\/bang-olufsen\/#\/schema\/logo\/image\/","url":"https:\/\/staegerag.ch\/bang-olufsen\/wp-content\/uploads\/sites\/2\/2025\/09\/bo1925-bl-staegerag-scaled.png","contentUrl":"https:\/\/staegerag.ch\/bang-olufsen\/wp-content\/uploads\/sites\/2\/2025\/09\/bo1925-bl-staegerag-scaled.png","width":2560,"height":857,"caption":"Bang & Olufsen STAEGER AG Thalwil - St\u00e4fa"},"image":{"@id":"https:\/\/staegerag.ch\/bang-olufsen\/#\/schema\/logo\/image\/"},"sameAs":["https:\/\/www.instagram.com\/bangolufsen_thalwil\/"],"description":"Die Bang & Olufsen STAEGER AG ist der anerkannte Multimedia-Spezialist und Flaggschiff-Partner von Bang & Olufsen am Z\u00fcrichsee, der High-End-Audio- und Video-L\u00f6sungen mit umfassender Beratung und Installation f\u00fcr Smart Homes anbietet.","legalName":"Radio-Televisoin STAEGER AG","foundingDate":"1955-12-24","numberOfEmployees":{"@type":"QuantitativeValue","minValue":"11","maxValue":"50"}}]}},"_links":{"self":[{"href":"https:\/\/staegerag.ch\/bang-olufsen\/wp-json\/wp\/v2\/pages\/126","targetHints":{"allow":["GET"]}}],"collection":[{"href":"https:\/\/staegerag.ch\/bang-olufsen\/wp-json\/wp\/v2\/pages"}],"about":[{"href":"https:\/\/staegerag.ch\/bang-olufsen\/wp-json\/wp\/v2\/types\/page"}],"author":[{"embeddable":true,"href":"https:\/\/staegerag.ch\/bang-olufsen\/wp-json\/wp\/v2\/users\/1"}],"replies":[{"embeddable":true,"href":"https:\/\/staegerag.ch\/bang-olufsen\/wp-json\/wp\/v2\/comments?post=126"}],"version-history":[{"count":4,"href":"https:\/\/staegerag.ch\/bang-olufsen\/wp-json\/wp\/v2\/pages\/126\/revisions"}],"predecessor-version":[{"id":130,"href":"https:\/\/staegerag.ch\/bang-olufsen\/wp-json\/wp\/v2\/pages\/126\/revisions\/130"}],"wp:attachment":[{"href":"https:\/\/staegerag.ch\/bang-olufsen\/wp-json\/wp\/v2\/media?parent=126"}],"curies":[{"name":"wp","href":"https:\/\/api.w.org\/{rel}","templated":true}]}}